{"id":166,"date":"2022-11-21T13:00:16","date_gmt":"2022-11-21T18:00:16","guid":{"rendered":"https:\/\/cs3lacs.wpengine.com\/services-aux-entreprises\/?page_id=166"},"modified":"2023-02-22T15:02:18","modified_gmt":"2023-02-22T20:02:18","slug":"conduite-dengins-de-chantier","status":"publish","type":"page","link":"https:\/\/csstl.gouv.qc.ca\/services-aux-entreprises\/conduite-dengins-de-chantier\/","title":{"rendered":"Conduite d&rsquo;engins de chantier"},"content":{"rendered":"\n<p>Les services aux entreprises organisent des formations sur mesure, en conduite d\u2019engins de chantier, adapt\u00e9es \u00e0 la r\u00e9alit\u00e9 et aux besoins des entreprises, des municipalit\u00e9s ainsi qu\u2019aux divers gouvernements. Les conseillers en formation tiennent compte de l\u2019exp\u00e9rience des candidats, du travail \u00e0 effectuer, des appareils et des outils utilis\u00e9s pour vous soumettre une offre de services personnalis\u00e9e.<\/p>\n\n\n\n<p>Les formations sur mesure en conduite d\u2019engins de chantier peuvent porter sur les \u00e9quipements suivants : chargeuse-pelleteuse, chargeur sur roues, niveleuse, pelle m\u00e9canique, bouteur, camion hors route, camion porteur.<\/p>\n\n\n\n<p>Une meilleure connaissance du fonctionnement de ces engins et des r\u00e8gles de s\u00e9curit\u00e9 associ\u00e9es \u00e0 leur conduite contribue \u00e0 pr\u00e9venir les bris et les accidents qui occasionnent des co\u00fbts et des pertes de productivit\u00e9 qui peuvent \u00eatre consid\u00e9rables.<\/p>\n\n\n\n<p>Les \u00e9l\u00e9ments de formation sugg\u00e9r\u00e9s sont les suivants :<\/p>\n\n\n\n<ul class=\"wp-block-list\">\n<li>v\u00e9rification avant d\u00e9part;<\/li>\n\n\n\n<li>description des composantes;<\/li>\n\n\n\n<li>entretien pr\u00e9ventif et d\u00e9pannage;<\/li>\n\n\n\n<li>pr\u00e9paration au travail;<\/li>\n\n\n\n<li>d\u00e9marrage;<\/li>\n\n\n\n<li>conduite s\u00e9curitaire;<\/li>\n\n\n\n<li>op\u00e9ration;<\/li>\n\n\n\n<li>utilisation des composantes;<\/li>\n\n\n\n<li>ex\u00e9cution du travail.<\/li>\n<\/ul>\n\n\n\n<p>Nous offrons aux entreprises et aux municipalit\u00e9s des sessions d\u2019\u00e9valuation diagnostique, th\u00e9orique ou pratique, pour la s\u00e9lection de vos futurs employ\u00e9s ou simplement pour valider les besoins de formation de vos employ\u00e9s. Ces \u00e9valuations sont de courtes dur\u00e9es et peuvent \u00eatre adapt\u00e9es \u00e0 vos besoins sp\u00e9cifiques.<\/p>\n","protected":false},"excerpt":{"rendered":"<p>Les services aux entreprises organisent des formations sur mesure, en conduite d\u2019engins de chantier, adapt\u00e9es \u00e0 la r\u00e9alit\u00e9 et aux besoins des entreprises, des municipalit\u00e9s ainsi qu\u2019aux divers gouvernements. Les [&hellip;]<\/p>\n","protected":false},"author":2,"featured_media":0,"parent":0,"menu_order":0,"comment_status":"closed","ping_status":"closed","template":"","meta":{"_genesis_hide_title":false,"_genesis_hide_breadcrumbs":false,"_genesis_hide_singular_image":false,"_genesis_hide_footer_widgets":false,"_genesis_custom_body_class":"","_genesis_custom_post_class":"","_genesis_layout":"","footnotes":""},"class_list":["post-166","page","type-page","status-publish","entry"],"featured_image_src":null,"featured_image_src_square":null,"_links":{"self":[{"href":"https:\/\/csstl.gouv.qc.ca\/services-aux-entreprises\/wp-json\/wp\/v2\/pages\/166","targetHints":{"allow":["GET"]}}],"collection":[{"href":"https:\/\/csstl.gouv.qc.ca\/services-aux-entreprises\/wp-json\/wp\/v2\/pages"}],"about":[{"href":"https:\/\/csstl.gouv.qc.ca\/services-aux-entreprises\/wp-json\/wp\/v2\/types\/page"}],"author":[{"embeddable":true,"href":"https:\/\/csstl.gouv.qc.ca\/services-aux-entreprises\/wp-json\/wp\/v2\/users\/2"}],"replies":[{"embeddable":true,"href":"https:\/\/csstl.gouv.qc.ca\/services-aux-entreprises\/wp-json\/wp\/v2\/comments?post=166"}],"version-history":[{"count":0,"href":"https:\/\/csstl.gouv.qc.ca\/services-aux-entreprises\/wp-json\/wp\/v2\/pages\/166\/revisions"}],"wp:attachment":[{"href":"https:\/\/csstl.gouv.qc.ca\/services-aux-entreprises\/wp-json\/wp\/v2\/media?parent=166"}],"curies":[{"name":"wp","href":"https:\/\/api.w.org\/{rel}","templated":true}]}}