{"id":10,"date":"2019-02-06T13:15:15","date_gmt":"2019-02-06T13:15:15","guid":{"rendered":"http:\/\/cs3lacs.wpengine.com\/saint-michel\/?page_id=10"},"modified":"2026-01-06T13:24:05","modified_gmt":"2026-01-06T18:24:05","slug":"conseil-detablissement","status":"publish","type":"page","link":"https:\/\/csstl.gouv.qc.ca\/saint-michel\/conseil-detablissement\/","title":{"rendered":"Conseil d&rsquo;\u00e9tablissement"},"content":{"rendered":"\n<p>Les s\u00e9ances du conseil d\u2019\u00e9tablissement sont publiques. Pour assister, vous devez nous faire parvenir une demande <a rel=\"noreferrer noopener\" href=\"\/saint-michel\/nous-joindre\/\" target=\"_blank\">\u00e0 l\u2019aide du formulaire sur la page <\/a> avant 16h le vendredi pr\u00e9c\u00e9dent la s\u00e9ance. Vous recevrez une invitation pour vous joindre \u00e0 la rencontre.<\/p>\n\n\n\n<h2 class=\"wp-block-heading\">Membres du conseil d\u2019\u00e9tablissement 2025-2026<\/h2>\n\n\n\n<ul class=\"wp-block-list\">\n<li>Olivier Paiement |\u00a0<em>Pr\u00e9sident <\/em><\/li>\n\n\n\n<li>Angela Toonen| Parent<\/li>\n\n\n\n<li>Chahinez Zarab | Parent<\/li>\n\n\n\n<li>Im\u00e8ne Tallbi| Parent <\/li>\n\n\n\n<li>Sandra Pittet| Parent<\/li>\n\n\n\n<li>Pascale Th\u00e9berge | Enseignante classe adapt\u00e9e<\/li>\n\n\n\n<li>M\u00e9lissa Michaud | Enseignante de 2e ann\u00e9e<\/li>\n\n\n\n<li>Genevi\u00e8ve Rozon | Enseignante de maternelle<\/li>\n\n\n\n<li>Liette Galarneau\/Lila Dali | Responsable du service de garde<\/li>\n<\/ul>\n\n\n\n<h2 class=\"wp-block-heading\">Calendrier des r\u00e9unions de l\u2019ann\u00e9e scolaire 2025-2026<\/h2>\n\n\n\n<ul class=\"wp-block-list\">\n<li>5 septembre 18h30\u00a0\/ <a href=\"https:\/\/csstl.gouv.qc.ca\/saint-michel\/wp-content\/uploads\/sites\/49\/2023\/09\/Ordre-du-jour-lundi-18-septembre-2023.pdf\" data-type=\"link\" data-id=\"https:\/\/csstl.gouv.qc.ca\/saint-michel\/wp-content\/uploads\/sites\/49\/2023\/09\/Ordre-du-jour-lundi-18-septembre-2023.pdf\">ordre du jour <\/a>\/proc\u00e8s-verbaux<\/li>\n\n\n\n<li>3 novembre 18h30 <\/li>\n\n\n\n<li>12 janvier 18h30 <\/li>\n\n\n\n<li>23 mars 18h30 <\/li>\n\n\n\n<li>4 mai 18h30 <\/li>\n\n\n\n<li>4 juin 17h\u00a0\u00a0<\/li>\n<\/ul>\n\n\n\n<h2 class=\"wp-block-heading\">Autres documents<\/h2>\n\n\n\n<p><a href=\"https:\/\/csstl.gouv.qc.ca\/saint-michel\/wp-content\/uploads\/sites\/49\/2023\/09\/Regie-interne-2023-2024.pdf\" data-type=\"link\" data-id=\"https:\/\/csstl.gouv.qc.ca\/saint-michel\/wp-content\/uploads\/sites\/49\/2023\/09\/Regie-interne-2023-2024.pdf\">R\u00e9gie interne<\/a><\/p>\n\n\n\n<p><a href=\"https:\/\/csstl.gouv.qc.ca\/saint-michel\/wp-content\/uploads\/sites\/49\/2023\/09\/aide-memoire-LES-CONSEILS-DETABLISSEMENT.pdf\" data-type=\"link\" data-id=\"https:\/\/csstl.gouv.qc.ca\/saint-michel\/wp-content\/uploads\/sites\/49\/2023\/09\/aide-memoire-LES-CONSEILS-DETABLISSEMENT.pdf\">Aide-m\u00e9moire (les conseils d&rsquo;\u00e9tablissement<\/a><\/p>\n","protected":false},"excerpt":{"rendered":"<p>Les s\u00e9ances du conseil d\u2019\u00e9tablissement sont publiques. Pour assister, vous devez nous faire parvenir une demande \u00e0 l\u2019aide du formulaire sur la page avant 16h le vendredi pr\u00e9c\u00e9dent la s\u00e9ance. Vous recevrez une invitation pour vous joindre \u00e0 la rencontre. Membres du conseil d\u2019\u00e9tablissement 2025-2026 Calendrier des r\u00e9unions de l\u2019ann\u00e9e scolaire 2025-2026 Autres documents R\u00e9gie [&hellip;]<\/p>\n","protected":false},"author":2,"featured_media":0,"parent":0,"menu_order":11,"comment_status":"closed","ping_status":"closed","template":"","meta":{"_genesis_hide_title":false,"_genesis_hide_breadcrumbs":false,"_genesis_hide_singular_image":false,"_genesis_hide_footer_widgets":false,"_genesis_custom_body_class":"","_genesis_custom_post_class":"","_genesis_layout":"","footnotes":""},"class_list":{"0":"post-10","1":"page","2":"type-page","3":"status-publish","5":"entry"},"featured_image_src":null,"featured_image_src_square":null,"_links":{"self":[{"href":"https:\/\/csstl.gouv.qc.ca\/saint-michel\/wp-json\/wp\/v2\/pages\/10","targetHints":{"allow":["GET"]}}],"collection":[{"href":"https:\/\/csstl.gouv.qc.ca\/saint-michel\/wp-json\/wp\/v2\/pages"}],"about":[{"href":"https:\/\/csstl.gouv.qc.ca\/saint-michel\/wp-json\/wp\/v2\/types\/page"}],"author":[{"embeddable":true,"href":"https:\/\/csstl.gouv.qc.ca\/saint-michel\/wp-json\/wp\/v2\/users\/2"}],"replies":[{"embeddable":true,"href":"https:\/\/csstl.gouv.qc.ca\/saint-michel\/wp-json\/wp\/v2\/comments?post=10"}],"version-history":[{"count":0,"href":"https:\/\/csstl.gouv.qc.ca\/saint-michel\/wp-json\/wp\/v2\/pages\/10\/revisions"}],"wp:attachment":[{"href":"https:\/\/csstl.gouv.qc.ca\/saint-michel\/wp-json\/wp\/v2\/media?parent=10"}],"curies":[{"name":"wp","href":"https:\/\/api.w.org\/{rel}","templated":true}]}}