{"id":20,"date":"2019-02-06T13:32:25","date_gmt":"2019-02-06T13:32:25","guid":{"rendered":"http:\/\/cs3lacs.wpengine.com\/papillon-bleu\/?page_id=20"},"modified":"2025-08-20T06:57:25","modified_gmt":"2025-08-20T11:57:25","slug":"fournitures-scolaires","status":"publish","type":"page","link":"https:\/\/csstl.gouv.qc.ca\/papillon-bleu\/fournitures-scolaires\/","title":{"rendered":"Fournitures scolaires 2025-2026"},"content":{"rendered":"\n<h2 class=\"wp-block-heading\"><span style=\"color: #47aa42\" class=\"stk-highlight\">Pavillon Sainte-Trinit\u00e9<\/span><\/h2>\n\n\n\n<h3 class=\"wp-block-heading\">Listes des effets scolaires<\/h3>\n\n\n\n<ul class=\"wp-block-list\">\n<li><a href=\"https:\/\/media.csstl.gouv.qc.ca\/wp-content\/uploads\/sites\/31\/2025\/06\/10095709\/Liste-de-materiel-Maternelle-2024-2025.pdf\" data-type=\"attachment\" data-id=\"1515\">Pr\u00e9scolaire<\/a><\/li>\n\n\n\n<li><a href=\"https:\/\/media.csstl.gouv.qc.ca\/wp-content\/uploads\/sites\/31\/2025\/06\/10095712\/Liste-de-materiel-maternelle-langage-2025-2026.pdf\" data-type=\"attachment\" data-id=\"1516\">Pr\u00e9scolaire langage<\/a><\/li>\n\n\n\n<li><a href=\"https:\/\/media.csstl.gouv.qc.ca\/wp-content\/uploads\/sites\/31\/2025\/06\/10095601\/Liste-de-materiel-1e-annee-2025-2026.pdf\" data-type=\"attachment\" data-id=\"1497\">1re ann\u00e9e<\/a><\/li>\n\n\n\n<li><a href=\"https:\/\/media.csstl.gouv.qc.ca\/wp-content\/uploads\/sites\/31\/2025\/06\/10095611\/Liste-de-materiel-1ere-annee-langage_2025-2026.pdf\" data-type=\"attachment\" data-id=\"1499\">1re ann\u00e9e langage<\/a><\/li>\n\n\n\n<li><a href=\"https:\/\/media.csstl.gouv.qc.ca\/wp-content\/uploads\/sites\/31\/2025\/07\/03132223\/Effets-scolaires-706-707-708-2025-2026.pdf\">2e langage<\/a><\/li>\n<\/ul>\n\n\n\n<h3 class=\"wp-block-heading\">Facturation<\/h3>\n\n\n\n<ul class=\"wp-block-list\">\n<li><a href=\"https:\/\/media.csstl.gouv.qc.ca\/wp-content\/uploads\/sites\/31\/2025\/06\/11094924\/Prescolaire_facturation.pdf\" data-type=\"attachment\" data-id=\"1529\">Pr\u00e9scolaire<\/a><\/li>\n\n\n\n<li>Pr\u00e9scolaire langage *<\/li>\n\n\n\n<li><a href=\"https:\/\/media.csstl.gouv.qc.ca\/wp-content\/uploads\/sites\/31\/2025\/06\/11095236\/1ere-annee_Facturation.pdf\" data-type=\"attachment\" data-id=\"1531\">1re ann\u00e9e<\/a><\/li>\n\n\n\n<li>1re ann\u00e9e langage *<\/li>\n\n\n\n<li>2e ann\u00e9e langage *<\/li>\n<\/ul>\n\n\n\n<h2 class=\"wp-block-heading\"><span style=\"color: #7705b5\" class=\"stk-highlight\">Pavillon St-Jean-Baptiste<\/span><\/h2>\n\n\n\n<h3 class=\"wp-block-heading\">Listes des effets scolaires<\/h3>\n\n\n\n<ul class=\"wp-block-list\">\n<li><a href=\"https:\/\/media.csstl.gouv.qc.ca\/wp-content\/uploads\/sites\/31\/2025\/06\/10095615\/Liste-de-materiel-2e-annee-2025-2026.pdf\" data-type=\"attachment\" data-id=\"1500\">2e ann\u00e9e<\/a><\/li>\n\n\n\n<li><a href=\"https:\/\/media.csstl.gouv.qc.ca\/wp-content\/uploads\/sites\/31\/2025\/06\/30084209\/Liste-de-materiel-3e-annee-2025-2026-%E2%80%93-Copie.pdf\" data-type=\"attachment\" data-id=\"1544\">3e ann\u00e9e<\/a><\/li>\n\n\n\n<li><a href=\"https:\/\/media.csstl.gouv.qc.ca\/wp-content\/uploads\/sites\/31\/2025\/06\/10095630\/Liste-de-materiel-4e-annee-2025-2026.pdf\" data-type=\"attachment\" data-id=\"1504\">4e ann\u00e9e<\/a><\/li>\n\n\n\n<li><a href=\"https:\/\/media.csstl.gouv.qc.ca\/wp-content\/uploads\/sites\/31\/2025\/06\/10095636\/Liste-de-materiel-5e-annee-2025-2026.pdf\" data-type=\"attachment\" data-id=\"1506\">5e ann\u00e9e<\/a><\/li>\n\n\n\n<li><a href=\"https:\/\/media.csstl.gouv.qc.ca\/wp-content\/uploads\/sites\/31\/2025\/06\/10103135\/Liste-de-materiel-multi-5-6e-annee-2025-2026.pdf\" data-type=\"attachment\" data-id=\"1518\">Multi\u00e2ge 5e et 6e ann\u00e9e<\/a><\/li>\n\n\n\n<li><a href=\"https:\/\/media.csstl.gouv.qc.ca\/wp-content\/uploads\/sites\/31\/2025\/06\/12075940\/Liste-de-materiel-6e-annee-2024-2025-1.pdf\" data-type=\"attachment\" data-id=\"1539\">6e ann\u00e9e<\/a><\/li>\n\n\n\n<li><a href=\"https:\/\/media.csstl.gouv.qc.ca\/wp-content\/uploads\/sites\/31\/2025\/07\/08081725\/Liste-de-materiel-710-2025-2026.pdf\" data-type=\"attachment\" data-id=\"1571\">710 (raton laveur) DSA<\/a><\/li>\n\n\n\n<li><a href=\"https:\/\/media.csstl.gouv.qc.ca\/wp-content\/uploads\/sites\/31\/2025\/07\/08081727\/Liste-de-materiel-711-2025-2026.pdf\" data-type=\"attachment\" data-id=\"1572\">711 (lynx) DSA<\/a><\/li>\n\n\n\n<li><a href=\"https:\/\/media.csstl.gouv.qc.ca\/wp-content\/uploads\/sites\/31\/2025\/07\/08081729\/Liste-de-materiel-712-2025-2026.pdf\" data-type=\"attachment\" data-id=\"1573\">712 (geai bleu) DSA<\/a><\/li>\n\n\n\n<li><a href=\"https:\/\/media.csstl.gouv.qc.ca\/wp-content\/uploads\/sites\/31\/2025\/07\/08081732\/Liste-de-materiel-713-2025-2026.pdf\" data-type=\"attachment\" data-id=\"1574\">713 (rorqual commun) DSA<\/a><\/li>\n\n\n\n<li><a href=\"https:\/\/media.csstl.gouv.qc.ca\/wp-content\/uploads\/sites\/31\/2025\/07\/08081734\/Liste-de-materiel-720-2025-2026.pdf\" data-type=\"attachment\" data-id=\"1575\">720 (loup) SA<\/a><\/li>\n\n\n\n<li><a href=\"https:\/\/media.csstl.gouv.qc.ca\/wp-content\/uploads\/sites\/31\/2025\/07\/08081736\/Liste-de-materiel-721-2025-2026.pdf\" data-type=\"attachment\" data-id=\"1576\">721 (rainette) SA<\/a><\/li>\n\n\n\n<li><a href=\"https:\/\/media.csstl.gouv.qc.ca\/wp-content\/uploads\/sites\/31\/2025\/07\/08081738\/Liste-de-materiel-722-2025-2026.pdf\" data-type=\"attachment\" data-id=\"1577\">722 (baleine noire) SA<\/a><\/li>\n\n\n\n<li><a href=\"https:\/\/media.csstl.gouv.qc.ca\/wp-content\/uploads\/sites\/31\/2025\/07\/08082219\/Liste-de-materiel-901-902-2025-2026-1.pdf\" data-type=\"attachment\" data-id=\"1580\">901 (poisson chirurgien bleu) AC<\/a><\/li>\n\n\n\n<li><a href=\"https:\/\/media.csstl.gouv.qc.ca\/wp-content\/uploads\/sites\/31\/2025\/07\/08082219\/Liste-de-materiel-901-902-2025-2026-1.pdf\" data-type=\"attachment\" data-id=\"1580\">902 (poisson clown) AC<\/a><\/li>\n<\/ul>\n\n\n\n<h3 class=\"wp-block-heading\">Facturation<\/h3>\n\n\n\n<ul class=\"wp-block-list\">\n<li><a href=\"https:\/\/media.csstl.gouv.qc.ca\/wp-content\/uploads\/sites\/31\/2025\/07\/04094553\/Facturation-2e-annee.pdf\" data-type=\"attachment\" data-id=\"1561\">2e ann\u00e9e<\/a><\/li>\n\n\n\n<li><a href=\"https:\/\/media.csstl.gouv.qc.ca\/wp-content\/uploads\/sites\/31\/2025\/07\/04094555\/Facturation-3e-annee.pdf\" data-type=\"attachment\" data-id=\"1562\">3e ann\u00e9e<\/a><\/li>\n\n\n\n<li><a href=\"https:\/\/media.csstl.gouv.qc.ca\/wp-content\/uploads\/sites\/31\/2025\/07\/04094557\/Facturation-4e-annee.pdf\" data-type=\"attachment\" data-id=\"1563\">4e ann\u00e9e<\/a><\/li>\n\n\n\n<li><a href=\"https:\/\/media.csstl.gouv.qc.ca\/wp-content\/uploads\/sites\/31\/2025\/07\/04094559\/Facturation-5e-annee.pdf\" data-type=\"attachment\" data-id=\"1564\">5e ann\u00e9e<\/a><\/li>\n\n\n\n<li><a href=\"https:\/\/media.csstl.gouv.qc.ca\/wp-content\/uploads\/sites\/31\/2025\/07\/04094603\/Facturation-multi-5e.pdf\" data-type=\"attachment\" data-id=\"1566\">Multi\u00e2ge 5e ann\u00e9e<\/a><\/li>\n\n\n\n<li><a href=\"https:\/\/media.csstl.gouv.qc.ca\/wp-content\/uploads\/sites\/31\/2025\/07\/04094605\/Facturation-multi-6e.pdf\" data-type=\"attachment\" data-id=\"1567\">Multi\u00e2ge 6e ann\u00e9e<\/a><\/li>\n\n\n\n<li><a href=\"https:\/\/media.csstl.gouv.qc.ca\/wp-content\/uploads\/sites\/31\/2025\/07\/04072120\/6e-annee_Facturation.pdf\" data-type=\"attachment\" data-id=\"1557\">6e ann\u00e9e<\/a><\/li>\n\n\n\n<li>Classe 720 SA *<\/li>\n\n\n\n<li>Classe 721 SA *<\/li>\n\n\n\n<li>Classe 722 SA *<\/li>\n\n\n\n<li>Classes 901 et 902 AC *<\/li>\n\n\n\n<li>Classe 710 DSA *<\/li>\n\n\n\n<li>Classe 711 DSA *<\/li>\n\n\n\n<li>Classe 712 DSA *<\/li>\n<\/ul>\n\n\n\n<p> * La facturation variera selon les besoins acad\u00e9miques de votre enfant. \u00c0 titre indicatif, une liste personnalis\u00e9e sera remise \u00e0 votre enfant vers la fin septembre. Nous nous chargerons de l&rsquo;achat du mat\u00e9riel didactique (cahiers d&rsquo;exercices, manuels, etc.) Comme pour les autres niveaux, le montant de la facture sera ensuite automatiquement imput\u00e9 \u00e0 votre compte sur Moza\u00efk.<\/p>\n","protected":false},"excerpt":{"rendered":"<p>Pavillon Sainte-Trinit\u00e9 Listes des effets scolaires Facturation Pavillon St-Jean-Baptiste Listes des effets scolaires Facturation * La facturation variera selon les besoins acad\u00e9miques de votre enfant. \u00c0 titre indicatif, une liste personnalis\u00e9e sera remise \u00e0 votre enfant vers la fin septembre. Nous nous chargerons de l&rsquo;achat du mat\u00e9riel didactique (cahiers d&rsquo;exercices, manuels, etc.) Comme pour les [&hellip;]<\/p>\n","protected":false},"author":2,"featured_media":0,"parent":0,"menu_order":20,"comment_status":"closed","ping_status":"closed","template":"","meta":{"_genesis_hide_title":false,"_genesis_hide_breadcrumbs":false,"_genesis_hide_singular_image":false,"_genesis_hide_footer_widgets":false,"_genesis_custom_body_class":"","_genesis_custom_post_class":"","_genesis_layout":"","footnotes":""},"class_list":{"0":"post-20","1":"page","2":"type-page","3":"status-publish","5":"entry"},"featured_image_src":null,"featured_image_src_square":null,"_links":{"self":[{"href":"https:\/\/csstl.gouv.qc.ca\/papillon-bleu\/wp-json\/wp\/v2\/pages\/20","targetHints":{"allow":["GET"]}}],"collection":[{"href":"https:\/\/csstl.gouv.qc.ca\/papillon-bleu\/wp-json\/wp\/v2\/pages"}],"about":[{"href":"https:\/\/csstl.gouv.qc.ca\/papillon-bleu\/wp-json\/wp\/v2\/types\/page"}],"author":[{"embeddable":true,"href":"https:\/\/csstl.gouv.qc.ca\/papillon-bleu\/wp-json\/wp\/v2\/users\/2"}],"replies":[{"embeddable":true,"href":"https:\/\/csstl.gouv.qc.ca\/papillon-bleu\/wp-json\/wp\/v2\/comments?post=20"}],"version-history":[{"count":0,"href":"https:\/\/csstl.gouv.qc.ca\/papillon-bleu\/wp-json\/wp\/v2\/pages\/20\/revisions"}],"wp:attachment":[{"href":"https:\/\/csstl.gouv.qc.ca\/papillon-bleu\/wp-json\/wp\/v2\/media?parent=20"}],"curies":[{"name":"wp","href":"https:\/\/api.w.org\/{rel}","templated":true}]}}