{"id":10,"date":"2019-02-06T13:15:15","date_gmt":"2019-02-06T13:15:15","guid":{"rendered":"http:\/\/cs3lacs.wpengine.com\/etriers\/?page_id=10"},"modified":"2026-04-24T12:09:00","modified_gmt":"2026-04-24T17:09:00","slug":"conseil-detablissement","status":"publish","type":"page","link":"https:\/\/csstl.gouv.qc.ca\/etriers\/conseil-detablissement\/","title":{"rendered":"Conseil d&rsquo;\u00e9tablissement"},"content":{"rendered":"\n<p>Le 3 septembre aura lieu l&rsquo;assembl\u00e9e g\u00e9n\u00e9rale qui nous permettra d&rsquo;\u00e9lire les repr\u00e9sentants des parents qui si\u00e8gent sur le conseil d&rsquo;\u00e9tablissement de l&rsquo;\u00e9cole des \u00c9triers.<\/p>\n\n\n\n<p><a href=\"https:\/\/media.csstl.gouv.qc.ca\/wp-content\/uploads\/sites\/37\/2025\/07\/03133805\/Assemblee-generale-ordre-du-jour-et-avis-de-convocation.pdf\">Invitation \u00e0 l&rsquo;assembl\u00e9e g\u00e9n\u00e9rale<\/a><\/p>\n\n\n\n<p><a href=\"https:\/\/media.csstl.gouv.qc.ca\/wp-content\/uploads\/sites\/37\/2025\/09\/18103211\/Calendrier-des-rencontres-25-26.pdf\">Calendrier des rencontres du C\u00c9 2025-2026<\/a><\/p>\n\n\n\n<p>Cet espace vous permettra au fil des mois de consulter l&rsquo;ordre du jour des rencontres.<\/p>\n\n\n\n<p>D\u00e8s qu\u2019il sera possible, un projet de proc\u00e8s-verbal sera d\u00e9pos\u00e9 sur le site internet de l\u2019\u00e9cole afin de publiciser la teneur des discussions entre les membres du conseil d\u2019\u00e9tablissement ainsi que le r\u00e9sultat des d\u00e9lib\u00e9rations.<\/p>\n\n\n\n<h2 class=\"wp-block-heading\"><strong>Ordre du jour<\/strong><\/h2>\n\n\n\n<ul class=\"wp-block-list\">\n<li><a href=\"https:\/\/media.csstl.gouv.qc.ca\/wp-content\/uploads\/sites\/37\/2025\/09\/25100100\/ODJ-11-juin-2025.pdf\">Ordre du jour &#8211; Rencontre du 11 juin 2025<\/a><\/li>\n\n\n\n<li><a href=\"https:\/\/media.csstl.gouv.qc.ca\/wp-content\/uploads\/sites\/37\/2025\/07\/03133805\/Assemblee-generale-ordre-du-jour-et-avis-de-convocation.pdf\">Ordre du jour &#8211; Rencontre du 3 septembre 2025<\/a><\/li>\n\n\n\n<li><a href=\"https:\/\/media.csstl.gouv.qc.ca\/wp-content\/uploads\/sites\/37\/2025\/09\/25100202\/Odj_23092025.pdf\">Ordre du jour &#8211; Rencontre du 23 septembre 2025<\/a><\/li>\n\n\n\n<li><a href=\"https:\/\/media.csstl.gouv.qc.ca\/wp-content\/uploads\/sites\/37\/2025\/10\/29080747\/ODJ-28-octobre-2025.pdf\">Ordre du jour &#8211; Rencontre du 28 octobre 2025<\/a><\/li>\n\n\n\n<li><a href=\"https:\/\/media.csstl.gouv.qc.ca\/wp-content\/uploads\/sites\/37\/2025\/11\/28133157\/ODJ.pdf\">Ordre du jour &#8211; Rencontre du 2 d\u00e9cembre 2025<\/a><\/li>\n\n\n\n<li><a href=\"https:\/\/media.csstl.gouv.qc.ca\/wp-content\/uploads\/sites\/37\/2026\/03\/09082332\/Ordre-du-jour-Rencontre-du-3-fevrier-2026-2.pdf\">Ordre du jour &#8211; Rencontre du 3 f\u00e9vrier 2026<\/a><\/li>\n\n\n\n<li>Ordre du jour &#8211; Rencontre du 14 avril 2026<\/li>\n\n\n\n<li>Ordre du jour &#8211; Rencontre du 9 juin 2026<\/li>\n<\/ul>\n\n\n\n<h2 class=\"wp-block-heading\"><strong>Proc\u00e8s-verbaux des r\u00e9unions<\/strong><\/h2>\n\n\n\n<ul class=\"wp-block-list\">\n<li><a href=\"https:\/\/media.csstl.gouv.qc.ca\/wp-content\/uploads\/sites\/37\/2025\/09\/25095653\/PV-CE-11-juin-2025.pdf\">Proc\u00e8s-verbal &#8211; Rencontre du 11 juin 2025<\/a><\/li>\n\n\n\n<li><a href=\"https:\/\/media.csstl.gouv.qc.ca\/wp-content\/uploads\/sites\/37\/2025\/09\/04101143\/P.V.-ass.-gen.-3-septembre-2025.pdf\">Proc\u00e8s-verbal &#8211; Rencontre du 3 septembre 2025<\/a><\/li>\n\n\n\n<li><a href=\"https:\/\/media.csstl.gouv.qc.ca\/wp-content\/uploads\/sites\/37\/2025\/10\/29080703\/PV-CE-23-sept-25.pdf\">Proc\u00e8s-verbal &#8211; Rencontre du 23 septembre 2025<\/a><\/li>\n\n\n\n<li><a href=\"https:\/\/media.csstl.gouv.qc.ca\/wp-content\/uploads\/sites\/37\/2025\/12\/12113242\/PV-CE-28-oct-25.pdf\">Proc\u00e8s-verbal &#8211; Rencontre du 28 octobre 2025<\/a><\/li>\n\n\n\n<li><a href=\"https:\/\/media.csstl.gouv.qc.ca\/wp-content\/uploads\/sites\/37\/2026\/03\/09082147\/Proces-verbal-Rencontre-du-2-decembre-2025.pdf\">Proc\u00e8s-verbal &#8211; Rencontre du 2 d\u00e9cembre 2025<\/a><\/li>\n\n\n\n<li><a href=\"https:\/\/media.csstl.gouv.qc.ca\/wp-content\/uploads\/sites\/37\/2026\/04\/24120607\/Proces-verbal-Rencontre-du-3-fevrier-2026.pdf\">Proc\u00e8s-verbal &#8211; Rencontre du 3 f\u00e9vrier 2026<\/a><\/li>\n\n\n\n<li>Proc\u00e8s-verbal &#8211; Rencontre du 14 avril 2026<\/li>\n\n\n\n<li>Proc\u00e8s-verbal &#8211; Rencontre du 9 juin 2026<\/li>\n<\/ul>\n\n\n\n<p><\/p>\n","protected":false},"excerpt":{"rendered":"<p>Le 3 septembre aura lieu l&rsquo;assembl\u00e9e g\u00e9n\u00e9rale qui nous permettra d&rsquo;\u00e9lire les repr\u00e9sentants des parents qui si\u00e8gent sur le conseil d&rsquo;\u00e9tablissement de l&rsquo;\u00e9cole des \u00c9triers. Invitation \u00e0 l&rsquo;assembl\u00e9e g\u00e9n\u00e9rale Calendrier des rencontres du C\u00c9 2025-2026 Cet espace vous permettra au fil des mois de consulter l&rsquo;ordre du jour des rencontres. D\u00e8s qu\u2019il sera possible, un [&hellip;]<\/p>\n","protected":false},"author":2,"featured_media":0,"parent":0,"menu_order":11,"comment_status":"closed","ping_status":"closed","template":"","meta":{"_genesis_hide_title":false,"_genesis_hide_breadcrumbs":false,"_genesis_hide_singular_image":false,"_genesis_hide_footer_widgets":false,"_genesis_custom_body_class":"","_genesis_custom_post_class":"","_genesis_layout":"","footnotes":""},"class_list":{"0":"post-10","1":"page","2":"type-page","3":"status-publish","5":"entry"},"featured_image_src":null,"featured_image_src_square":null,"_links":{"self":[{"href":"https:\/\/csstl.gouv.qc.ca\/etriers\/wp-json\/wp\/v2\/pages\/10","targetHints":{"allow":["GET"]}}],"collection":[{"href":"https:\/\/csstl.gouv.qc.ca\/etriers\/wp-json\/wp\/v2\/pages"}],"about":[{"href":"https:\/\/csstl.gouv.qc.ca\/etriers\/wp-json\/wp\/v2\/types\/page"}],"author":[{"embeddable":true,"href":"https:\/\/csstl.gouv.qc.ca\/etriers\/wp-json\/wp\/v2\/users\/2"}],"replies":[{"embeddable":true,"href":"https:\/\/csstl.gouv.qc.ca\/etriers\/wp-json\/wp\/v2\/comments?post=10"}],"version-history":[{"count":0,"href":"https:\/\/csstl.gouv.qc.ca\/etriers\/wp-json\/wp\/v2\/pages\/10\/revisions"}],"wp:attachment":[{"href":"https:\/\/csstl.gouv.qc.ca\/etriers\/wp-json\/wp\/v2\/media?parent=10"}],"curies":[{"name":"wp","href":"https:\/\/api.w.org\/{rel}","templated":true}]}}