{"id":913,"date":"2022-05-25T07:46:31","date_gmt":"2022-05-25T12:46:31","guid":{"rendered":"https:\/\/cs3lacs.wpengine.com\/cite-des-jeunes\/?page_id=913"},"modified":"2026-02-18T16:07:17","modified_gmt":"2026-02-18T21:07:17","slug":"niveaux-etudes","status":"publish","type":"page","link":"https:\/\/csstl.gouv.qc.ca\/cite-des-jeunes\/niveaux-etudes\/","title":{"rendered":"Niveaux d&rsquo;\u00e9tudes"},"content":{"rendered":"\n<p>Sur cette page, vous trouverez tous les renseignements relatifs aux divers degr\u00e9s, de m\u00eame que les liens pour acc\u00e9der aux sites Internet et communaut\u00e9s des enseignants.<\/p>\n\n\n\n<details class=\"wp-block-stackable-accordion stk-block-accordion stk-inner-blocks stk-block-content stk-block stk-a034bcf is-style-default\" data-block-id=\"a034bcf\"><style>.stk-a034bcf {margin-bottom:25px !important;}<\/style>\n<summary class=\"wp-block-stackable-column stk-block-column stk-column stk-block stk-aa3c490 stk--container-small stk-block-accordion__heading\" data-v=\"4\" data-block-id=\"aa3c490\"><style>.stk-aa3c490-container{background-color:#73bae7 !important;border-style:dashed !important;border-color:#00578c !important;}.stk-aa3c490-container:before{background-color:#73bae7 !important;}<\/style><div class=\"stk-column-wrapper stk-block-column__content stk-container stk-aa3c490-container stk-hover-parent\"><div class=\"stk-block-content stk-inner-blocks stk-aa3c490-inner-blocks\">\n<div class=\"wp-block-stackable-icon-label stk-block-icon-label stk-block stk-93a6928\" data-block-id=\"93a6928\"><div class=\"stk-row stk-inner-blocks stk-block-content\">\n<div class=\"wp-block-stackable-heading stk-block-heading stk-block-heading--v2 stk-block stk-22a06f8\" id=\"passage-primaire-secondaire\" data-block-id=\"22a06f8\"><style>.stk-22a06f8 .stk-block-heading__text{color:#00578c !important;}<\/style><h3 class=\"stk-block-heading__text has-text-color has-bleu-fonce-color stk-block-heading--use-theme-margins\">Passage primaire-secondaire<\/h3><\/div>\n\n\n\n<div class=\"wp-block-stackable-icon stk-block-icon stk-block stk-3f9a814\" data-block-id=\"3f9a814\"><style>.stk-3f9a814 .stk--svg-wrapper .stk--inner-svg svg:last-child, .stk-3f9a814 .stk--svg-wrapper .stk--inner-svg svg:last-child :is(g, path, rect, polygon, ellipse){fill:#00578c !important;}<\/style><span class=\"stk--svg-wrapper\"><div class=\"stk--inner-svg\"><svg style=\"height:0;width:0\"><defs><linearGradient id=\"linear-gradient-3f9a814\" x1=\"0\" x2=\"100%\" y1=\"0\" y2=\"0\"><stop offset=\"0%\" style=\"stop-opacity:1;stop-color:var(--linear-gradient-3-f-9-a-814-color-1)\"><\/stop><stop offset=\"100%\" style=\"stop-opacity:1;stop-color:var(--linear-gradient-3-f-9-a-814-color-2)\"><\/stop><\/linearGradient><\/defs><\/svg><svg data-prefix=\"fas\" data-icon=\"chevron-down\" class=\"svg-inline--fa fa-chevron-down fa-w-14\" xmlns=\"http:\/\/www.w3.org\/2000\/svg\" viewBox=\"0 0 448 512\" aria-hidden=\"true\" width=\"32\" height=\"32\"><path fill=\"currentColor\" d=\"M207.029 381.476L12.686 187.132c-9.373-9.373-9.373-24.569 0-33.941l22.667-22.667c9.357-9.357 24.522-9.375 33.901-.04L224 284.505l154.745-154.021c9.379-9.335 24.544-9.317 33.901.04l22.667 22.667c9.373 9.373 9.373 24.569 0 33.941L240.971 381.476c-9.373 9.372-24.569 9.372-33.942 0z\"><\/path><\/svg><\/div><\/span><\/div>\n<\/div><\/div>\n<\/div><\/div><\/summary>\n\n\n\n<div class=\"wp-block-stackable-column stk-block-column stk-column stk-block stk-18317da stk-block-accordion__content\" data-v=\"4\" data-block-id=\"18317da\"><div class=\"stk-column-wrapper stk-block-column__content stk-container stk-18317da-container stk--no-background stk--no-padding\"><div class=\"stk-block-content stk-inner-blocks stk-18317da-inner-blocks\">\n<p class=\"has-text-align-left\"><strong>Pour tous les \u00e9l\u00e8ves qui fr\u00e9quenteront l\u2019\u00e9cole de la Cit\u00e9-des-Jeunes<\/strong><\/p>\n\n\n\n<p class=\"has-text-align-left\"><strong>Programmes p\u00e9dagogiques particuliers<\/strong><\/p>\n\n\n\n<p>L\u2019\u00e9cole secondaire de la Cit\u00e9-des-Jeunes offre des programmes p\u00e9dagogiques particuliers&nbsp;ainsi qu\u2019un programme d\u2019enrichissement&nbsp;:<\/p>\n\n\n\n<ul class=\"wp-block-list\">\n<li>Concentration arts plastiques<\/li>\n\n\n\n<li>Concentration art dramatique<\/li>\n\n\n\n<li>Concentration sport<\/li>\n\n\n\n<li>Concentration musique<\/li>\n\n\n\n<li>Concentration Flag-Rugby-Football<\/li>\n\n\n\n<li>Programme d\u2019enrichissement Everest<\/li>\n<\/ul>\n\n\n\n<p><a href=\"https:\/\/youtu.be\/nw5VA-VEGTY\" data-type=\"link\" data-id=\"https:\/\/youtu.be\/nw5VA-VEGTY\">Vid\u00e9o promotionnelle de nos programmes<\/a><\/p>\n\n\n\n<p>Si votre enfant d\u00e9montre un int\u00e9r\u00eat pour l\u2019un de ces programmes, on vous invite \u00e0 remplir le formulaire d\u2019int\u00e9r\u00eat suivant&nbsp;:<\/p>\n\n\n\n<ul class=\"wp-block-list\">\n<li><a href=\"https:\/\/forms.office.com\/r\/hUU1YBFWsn\">Formulaire d\u2019int\u00e9r\u00eat pour les programmes p\u00e9dagogiques particuliers 2025-2026<\/a><\/li>\n<\/ul>\n\n\n\n<p><strong>La date limite pour signifier l\u2019int\u00e9r\u00eat de votre enfant&nbsp;: vendredi 14 f\u00e9vrier 2025<\/strong><\/p>\n\n\n\n<p>On vous invite \u00e9galement \u00e0 prendre connaissance de la lettre de pr\u00e9sentation du processus de s\u00e9lection pour les programmes p\u00e9dagogiques particuliers.<\/p>\n\n\n\n<ul class=\"wp-block-list\">\n<li><a href=\"https:\/\/media.csstl.gouv.qc.ca\/wp-content\/uploads\/sites\/25\/2025\/01\/27153632\/Lettre-parents-janvier-2025_Processus-de-selection_ESCJ.pdf\" data-type=\"link\" data-id=\"https:\/\/media.csstl.gouv.qc.ca\/wp-content\/uploads\/sites\/25\/2025\/01\/27153632\/Lettre-parents-janvier-2025_Processus-de-selection_ESCJ.pdf\">Lettre de pr\u00e9sentation du processus de s\u00e9lection<\/a><\/li>\n\n\n\n<li><a href=\"https:\/\/media.csstl.gouv.qc.ca\/wp-content\/uploads\/sites\/25\/2025\/01\/27100652\/Lettre-de-presentation-Everest-2025-Cite-des-Jeunes.pdf\" data-type=\"link\" data-id=\"https:\/\/media.csstl.gouv.qc.ca\/wp-content\/uploads\/sites\/25\/2025\/01\/27100652\/Lettre-de-presentation-Everest-2025-Cite-des-Jeunes.pdf\">Lettre de pr\u00e9sentation du programme d&rsquo;enrichissement Everest<\/a><\/li>\n<\/ul>\n\n\n\n<p>Pour toute question, veuillez communiquer \u00e0 l\u2019adresse suivante&nbsp;: <a href=\"mailto:admissionprogrammeparticulier@csstl.gouv.qc.ca\">admissionprogrammeparticulier@csstl.gouv.qc.ca<\/a><\/p>\n\n\n\n<p>\u00c9galement, nous vous invitons \u00e0 consulter les documents suivants dans le cadre du passage primaire-secondaire&nbsp;:<\/p>\n\n\n\n<ul class=\"wp-block-list\">\n<li><a href=\"https:\/\/media.csstl.gouv.qc.ca\/wp-content\/uploads\/sites\/25\/2022\/11\/17112313\/Depliant_passage_primaire-secondaire.pdf\" data-type=\"attachment\" data-id=\"1110\" target=\"_blank\" rel=\"noreferrer noopener\">D\u00e9pliant : Passage primaire &#8211; secondaire<\/a><\/li>\n\n\n\n<li><a href=\"https:\/\/media.csstl.gouv.qc.ca\/wp-content\/uploads\/sites\/25\/2022\/11\/17112321\/Guide_Faire_le_grand_saut_passage_vers_le_secondaire.pdf\" data-type=\"attachment\" data-id=\"1112\" target=\"_blank\" rel=\"noreferrer noopener\">Guide : Faire le grand saut vers le secondaire<\/a><\/li>\n\n\n\n<li><a href=\"https:\/\/media.csstl.gouv.qc.ca\/wp-content\/uploads\/sites\/25\/2022\/11\/17112317\/Guide_Soutenir_la_transition_scolaire_vers_le_secondaire.pdf\" data-type=\"attachment\" data-id=\"1111\" target=\"_blank\" rel=\"noreferrer noopener\">Guide : Soutenir la transition scolaire vers le secondaire<\/a><\/li>\n<\/ul>\n<\/div><\/div><\/div>\n<\/details>\n\n\n\n<details class=\"wp-block-stackable-accordion stk-block-accordion stk-inner-blocks stk-block-content stk-block stk-618ef63 is-style-default\" data-block-id=\"618ef63\"><style>.stk-618ef63 {margin-bottom:38px !important;}<\/style>\n<summary class=\"wp-block-stackable-column stk-block-column stk-column stk-block stk-8dfd09e stk--container-small stk-block-accordion__heading\" data-v=\"4\" data-block-id=\"8dfd09e\"><style>.stk-8dfd09e-container{background-color:#73bae7 !important;border-style:dashed !important;border-color:#00578c !important;}.stk-8dfd09e-container:before{background-color:#73bae7 !important;}<\/style><div class=\"stk-column-wrapper stk-block-column__content stk-container stk-8dfd09e-container stk-hover-parent\"><div class=\"stk-block-content stk-inner-blocks stk-8dfd09e-inner-blocks\">\n<div class=\"wp-block-stackable-icon-label stk-block-icon-label stk-block stk-03ae0d8\" data-block-id=\"03ae0d8\"><div class=\"stk-row stk-inner-blocks stk-block-content\">\n<div class=\"wp-block-stackable-heading stk-block-heading stk-block-heading--v2 stk-block stk-ff90a28\" id=\"adaptation-scolaire\" data-block-id=\"ff90a28\"><style>.stk-ff90a28 .stk-block-heading__text{color:#00578c !important;}<\/style><h3 class=\"stk-block-heading__text has-text-color has-bleu-fonce-color stk-block-heading--use-theme-margins\">Adaptation scolaire<\/h3><\/div>\n\n\n\n<div class=\"wp-block-stackable-icon stk-block-icon stk-block stk-0373121\" data-block-id=\"0373121\"><style>.stk-0373121 .stk--svg-wrapper .stk--inner-svg svg:last-child, .stk-0373121 .stk--svg-wrapper .stk--inner-svg svg:last-child :is(g, path, rect, polygon, ellipse){fill:#00578c !important;}<\/style><span class=\"stk--svg-wrapper\"><div class=\"stk--inner-svg\"><svg style=\"height:0;width:0\"><defs><linearGradient id=\"linear-gradient-0373121\" x1=\"0\" x2=\"100%\" y1=\"0\" y2=\"0\"><stop offset=\"0%\" style=\"stop-opacity:1;stop-color:var(--linear-gradient-0373121-color-1)\"><\/stop><stop offset=\"100%\" style=\"stop-opacity:1;stop-color:var(--linear-gradient-0373121-color-2)\"><\/stop><\/linearGradient><\/defs><\/svg><svg data-prefix=\"fas\" data-icon=\"chevron-down\" class=\"svg-inline--fa fa-chevron-down fa-w-14\" xmlns=\"http:\/\/www.w3.org\/2000\/svg\" viewBox=\"0 0 448 512\" aria-hidden=\"true\" width=\"32\" height=\"32\"><path fill=\"currentColor\" d=\"M207.029 381.476L12.686 187.132c-9.373-9.373-9.373-24.569 0-33.941l22.667-22.667c9.357-9.357 24.522-9.375 33.901-.04L224 284.505l154.745-154.021c9.379-9.335 24.544-9.317 33.901.04l22.667 22.667c9.373 9.373 9.373 24.569 0 33.941L240.971 381.476c-9.373 9.372-24.569 9.372-33.942 0z\"><\/path><\/svg><\/div><\/span><\/div>\n<\/div><\/div>\n<\/div><\/div><\/summary>\n\n\n\n<div class=\"wp-block-stackable-column stk-block-column stk-column stk-block stk-6ef5299 stk-block-accordion__content\" data-v=\"4\" data-block-id=\"6ef5299\"><div class=\"stk-column-wrapper stk-block-column__content stk-container stk-6ef5299-container stk--no-background stk--no-padding\"><div class=\"stk-block-content stk-inner-blocks stk-6ef5299-inner-blocks\">\n<ul class=\"wp-block-list\">\n<li><a href=\"https:\/\/media.csstl.gouv.qc.ca\/wp-content\/uploads\/sites\/25\/2022\/11\/17115150\/S9_Depliant_EHDAA.pdf\" data-type=\"link\" data-id=\"https:\/\/media.csstl.gouv.qc.ca\/wp-content\/uploads\/sites\/25\/2022\/11\/17115150\/S9_Depliant_EHDAA.pdf\">D\u00e9pliant de l&rsquo;adaptation scolaire<\/a><\/li>\n\n\n\n<li><a href=\"https:\/\/media.csstl.gouv.qc.ca\/wp-content\/uploads\/sites\/25\/2026\/01\/29092953\/Liste-des-enseignants-EHDAA_25-26_MAJ.pdf\" data-type=\"link\" data-id=\"https:\/\/media.csstl.gouv.qc.ca\/wp-content\/uploads\/sites\/25\/2026\/01\/29092953\/Liste-des-enseignants-EHDAA_25-26_MAJ.pdf\">Membre du personnel<\/a><\/li>\n\n\n\n<li><a href=\"https:\/\/media.csstl.gouv.qc.ca\/wp-content\/uploads\/sites\/25\/2025\/09\/11093957\/2025-09-11_invitation-AGA-2025-09-22.pdf\" data-type=\"link\" data-id=\"https:\/\/media.csstl.gouv.qc.ca\/wp-content\/uploads\/sites\/25\/2025\/09\/11093957\/2025-09-11_invitation-AGA-2025-09-22.pdf\">Assembl\u00e9e g\u00e9n\u00e9rale annuelle CCSEHDAA<\/a> <br>22 septembre 2025, \u00e0 19 h, via la plateforme TEAMS<\/li>\n<\/ul>\n<\/div><\/div><\/div>\n<\/details>\n\n\n\n<details class=\"wp-block-stackable-accordion stk-block-accordion stk-inner-blocks stk-block-content stk-block stk-7215d31 is-style-default\" data-block-id=\"7215d31\"><style>.stk-7215d31 {margin-bottom:25px !important;}<\/style>\n<summary class=\"wp-block-stackable-column stk-block-column stk-column stk-block stk-4bbb7b3 stk--container-small stk-block-accordion__heading\" data-v=\"4\" data-block-id=\"4bbb7b3\"><style>.stk-4bbb7b3-container{background-color:#73bae7 !important;border-style:dashed !important;border-color:#00578c !important;}.stk-4bbb7b3-container:before{background-color:#73bae7 !important;}<\/style><div class=\"stk-column-wrapper stk-block-column__content stk-container stk-4bbb7b3-container stk-hover-parent\"><div class=\"stk-block-content stk-inner-blocks stk-4bbb7b3-inner-blocks\">\n<div class=\"wp-block-stackable-icon-label stk-block-icon-label stk-block stk-5e8e371\" data-block-id=\"5e8e371\"><div class=\"stk-row stk-inner-blocks stk-block-content\">\n<div class=\"wp-block-stackable-heading stk-block-heading stk-block-heading--v2 stk-block stk-393b3d7\" id=\"secondaire-1\" data-block-id=\"393b3d7\"><style>.stk-393b3d7 .stk-block-heading__text{color:#00578c !important;}<\/style><h3 class=\"stk-block-heading__text has-text-color has-bleu-fonce-color stk-block-heading--use-theme-margins\">Secondaire 1<\/h3><\/div>\n\n\n\n<div class=\"wp-block-stackable-icon stk-block-icon stk-block stk-c3a0b90\" data-block-id=\"c3a0b90\"><style>.stk-c3a0b90 .stk--svg-wrapper .stk--inner-svg svg:last-child, .stk-c3a0b90 .stk--svg-wrapper .stk--inner-svg svg:last-child :is(g, path, rect, polygon, ellipse){fill:#00578c !important;}<\/style><span class=\"stk--svg-wrapper\"><div class=\"stk--inner-svg\"><svg style=\"height:0;width:0\"><defs><linearGradient id=\"linear-gradient-c3a0b90\" x1=\"0\" x2=\"100%\" y1=\"0\" y2=\"0\"><stop offset=\"0%\" style=\"stop-opacity:1;stop-color:var(--linear-gradient-c-3-a-0-b-90-color-1)\"><\/stop><stop offset=\"100%\" style=\"stop-opacity:1;stop-color:var(--linear-gradient-c-3-a-0-b-90-color-2)\"><\/stop><\/linearGradient><\/defs><\/svg><svg data-prefix=\"fas\" data-icon=\"chevron-down\" class=\"svg-inline--fa fa-chevron-down fa-w-14\" xmlns=\"http:\/\/www.w3.org\/2000\/svg\" viewBox=\"0 0 448 512\" aria-hidden=\"true\" width=\"32\" height=\"32\"><path fill=\"currentColor\" d=\"M207.029 381.476L12.686 187.132c-9.373-9.373-9.373-24.569 0-33.941l22.667-22.667c9.357-9.357 24.522-9.375 33.901-.04L224 284.505l154.745-154.021c9.379-9.335 24.544-9.317 33.901.04l22.667 22.667c9.373 9.373 9.373 24.569 0 33.941L240.971 381.476c-9.373 9.372-24.569 9.372-33.942 0z\"><\/path><\/svg><\/div><\/span><\/div>\n<\/div><\/div>\n<\/div><\/div><\/summary>\n\n\n\n<div class=\"wp-block-stackable-column stk-block-column stk-column stk-block stk-c04c5cb stk-block-accordion__content\" data-v=\"4\" data-block-id=\"c04c5cb\"><div class=\"stk-column-wrapper stk-block-column__content stk-container stk-c04c5cb-container stk--no-background stk--no-padding\"><div class=\"stk-block-content stk-inner-blocks stk-c04c5cb-inner-blocks\">\n<ul class=\"wp-block-list\">\n<li><a href=\"https:\/\/youtube.com\/live\/EoZLBYQylNs?feature=share\" data-type=\"link\" data-id=\"https:\/\/youtube.com\/live\/EoZLBYQylNs?feature=share\">Pr\u00e9sentation aux parents<\/a><\/li>\n\n\n\n<li><a href=\"https:\/\/media.csstl.gouv.qc.ca\/wp-content\/uploads\/sites\/25\/2026\/01\/29091723\/S1-Planification-des-matieres-2025-2026-2-decembre-2025.pdf\" data-type=\"link\" data-id=\"https:\/\/media.csstl.gouv.qc.ca\/wp-content\/uploads\/sites\/25\/2026\/01\/29091723\/S1-Planification-des-matieres-2025-2026-2-decembre-2025.pdf\">Planification des mati\u00e8res<\/a><\/li>\n\n\n\n<li><a href=\"https:\/\/media.csstl.gouv.qc.ca\/wp-content\/uploads\/sites\/25\/2025\/10\/23094627\/S1_Liste-des-enseignants-2025-2026_MAJ.pdf\" data-type=\"link\" data-id=\"https:\/\/media.csstl.gouv.qc.ca\/wp-content\/uploads\/sites\/25\/2025\/10\/23094627\/S1_Liste-des-enseignants-2025-2026_MAJ.pdf\">Membre du personnel<\/a><\/li>\n\n\n\n<li><a href=\"https:\/\/media.csstl.gouv.qc.ca\/wp-content\/uploads\/sites\/25\/2026\/01\/29091649\/Recuperations-enseignants-1re-secondaire-2025-2026-Par-matiere-3-novembre-2025-2.pdf\" data-type=\"link\" data-id=\"https:\/\/media.csstl.gouv.qc.ca\/wp-content\/uploads\/sites\/25\/2026\/01\/29091649\/Recuperations-enseignants-1re-secondaire-2025-2026-Par-matiere-3-novembre-2025-2.pdf\">Horaire des r\u00e9cup\u00e9rations par mati\u00e8re et par jour<\/a><\/li>\n<\/ul>\n<\/div><\/div><\/div>\n<\/details>\n\n\n\n<details class=\"wp-block-stackable-accordion stk-block-accordion stk-inner-blocks stk-block-content stk-block stk-db5cb26 is-style-default\" data-block-id=\"db5cb26\"><style>.stk-db5cb26 {margin-bottom:27px !important;}<\/style>\n<summary class=\"wp-block-stackable-column stk-block-column stk-column stk-block stk-e639e26 stk--container-small stk-block-accordion__heading\" data-v=\"4\" data-block-id=\"e639e26\"><style>.stk-e639e26-container{background-color:#73bae7 !important;border-style:dashed !important;border-color:#00578c !important;}.stk-e639e26-container:before{background-color:#73bae7 !important;}<\/style><div class=\"stk-column-wrapper stk-block-column__content stk-container stk-e639e26-container stk-hover-parent\"><div class=\"stk-block-content stk-inner-blocks stk-e639e26-inner-blocks\">\n<div class=\"wp-block-stackable-icon-label stk-block-icon-label stk-block stk-1128e2e\" data-block-id=\"1128e2e\"><div class=\"stk-row stk-inner-blocks stk-block-content\">\n<div class=\"wp-block-stackable-heading stk-block-heading stk-block-heading--v2 stk-block stk-9a8f52e\" id=\"secondaire-2\" data-block-id=\"9a8f52e\"><style>.stk-9a8f52e .stk-block-heading__text{color:#00578c !important;}<\/style><h3 class=\"stk-block-heading__text has-text-color has-bleu-fonce-color stk-block-heading--use-theme-margins\">Secondaire 2<\/h3><\/div>\n\n\n\n<div class=\"wp-block-stackable-icon stk-block-icon stk-block stk-1f994e8\" data-block-id=\"1f994e8\"><style>.stk-1f994e8 .stk--svg-wrapper .stk--inner-svg svg:last-child, .stk-1f994e8 .stk--svg-wrapper .stk--inner-svg svg:last-child :is(g, path, rect, polygon, ellipse){fill:#00578c !important;}<\/style><span class=\"stk--svg-wrapper\"><div class=\"stk--inner-svg\"><svg style=\"height:0;width:0\"><defs><linearGradient id=\"linear-gradient-1f994e8\" x1=\"0\" x2=\"100%\" y1=\"0\" y2=\"0\"><stop offset=\"0%\" style=\"stop-opacity:1;stop-color:var(--linear-gradient-1-f-994-e-8-color-1)\"><\/stop><stop offset=\"100%\" style=\"stop-opacity:1;stop-color:var(--linear-gradient-1-f-994-e-8-color-2)\"><\/stop><\/linearGradient><\/defs><\/svg><svg data-prefix=\"fas\" data-icon=\"chevron-down\" class=\"svg-inline--fa fa-chevron-down fa-w-14\" xmlns=\"http:\/\/www.w3.org\/2000\/svg\" viewBox=\"0 0 448 512\" aria-hidden=\"true\" width=\"32\" height=\"32\"><path fill=\"currentColor\" d=\"M207.029 381.476L12.686 187.132c-9.373-9.373-9.373-24.569 0-33.941l22.667-22.667c9.357-9.357 24.522-9.375 33.901-.04L224 284.505l154.745-154.021c9.379-9.335 24.544-9.317 33.901.04l22.667 22.667c9.373 9.373 9.373 24.569 0 33.941L240.971 381.476c-9.373 9.372-24.569 9.372-33.942 0z\"><\/path><\/svg><\/div><\/span><\/div>\n<\/div><\/div>\n<\/div><\/div><\/summary>\n\n\n\n<div class=\"wp-block-stackable-column stk-block-column stk-column stk-block stk-f8bea5d stk-block-accordion__content\" data-v=\"4\" data-block-id=\"f8bea5d\"><div class=\"stk-column-wrapper stk-block-column__content stk-container stk-f8bea5d-container stk--no-background stk--no-padding\"><div class=\"stk-block-content stk-inner-blocks stk-f8bea5d-inner-blocks\">\n<ul class=\"wp-block-list\">\n<li><a href=\"https:\/\/youtube.com\/live\/w8zUuuwm7Ns?feature=share\" data-type=\"link\" data-id=\"https:\/\/youtube.com\/live\/w8zUuuwm7Ns?feature=share\">Pr\u00e9sentation aux parents<\/a><\/li>\n\n\n\n<li><a href=\"https:\/\/media.csstl.gouv.qc.ca\/wp-content\/uploads\/sites\/25\/2025\/09\/26123038\/S2_Planification-des-matieres-25-26.pdf\" data-type=\"link\" data-id=\"https:\/\/media.csstl.gouv.qc.ca\/wp-content\/uploads\/sites\/25\/2025\/09\/26123038\/S2_Planification-des-matieres-25-26.pdf\">Planification des mati\u00e8res<\/a><\/li>\n\n\n\n<li><a href=\"https:\/\/media.csstl.gouv.qc.ca\/wp-content\/uploads\/sites\/25\/2025\/09\/26115449\/S2_Liste-des-enseignants_2025-2026.pdf\" data-type=\"link\" data-id=\"https:\/\/media.csstl.gouv.qc.ca\/wp-content\/uploads\/sites\/25\/2025\/09\/26115449\/S2_Liste-des-enseignants_2025-2026.pdf\">Membre du personnel<\/a><\/li>\n\n\n\n<li><a href=\"https:\/\/media.csstl.gouv.qc.ca\/wp-content\/uploads\/sites\/25\/2025\/09\/26115451\/S2_Recuperation-par-matiere-25-26.pdf\" data-type=\"link\" data-id=\"https:\/\/media.csstl.gouv.qc.ca\/wp-content\/uploads\/sites\/25\/2025\/09\/26115451\/S2_Recuperation-par-matiere-25-26.pdf\">Horaire des r\u00e9cup\u00e9rations par mati\u00e8re et par jour<\/a><\/li>\n\n\n\n<li>Pr\u00e9sentation aux parents &#8211; Choix de cours S-2 vers S-3<\/li>\n<\/ul>\n<\/div><\/div><\/div>\n<\/details>\n\n\n\n<details class=\"wp-block-stackable-accordion stk-block-accordion stk-inner-blocks stk-block-content stk-block stk-7a570df is-style-default\" data-block-id=\"7a570df\"><style>.stk-7a570df {margin-bottom:25px !important;}<\/style>\n<summary class=\"wp-block-stackable-column stk-block-column stk-column stk-block stk-b9765df stk--container-small stk-block-accordion__heading\" data-v=\"4\" data-block-id=\"b9765df\"><style>.stk-b9765df-container{background-color:#73bae7 !important;border-style:dashed !important;border-color:#00578c !important;}.stk-b9765df-container:before{background-color:#73bae7 !important;}<\/style><div class=\"stk-column-wrapper stk-block-column__content stk-container stk-b9765df-container stk-hover-parent\"><div class=\"stk-block-content stk-inner-blocks stk-b9765df-inner-blocks\">\n<div class=\"wp-block-stackable-icon-label stk-block-icon-label stk-block stk-2f33ac2\" data-block-id=\"2f33ac2\"><div class=\"stk-row stk-inner-blocks stk-block-content\">\n<div class=\"wp-block-stackable-heading stk-block-heading stk-block-heading--v2 stk-block stk-4ec69c3\" id=\"programme-sport-arts-etudes-sae\" data-block-id=\"4ec69c3\"><style>.stk-4ec69c3 .stk-block-heading__text{color:#00578c !important;}<\/style><h3 class=\"stk-block-heading__text has-text-color has-bleu-fonce-color stk-block-heading--use-theme-margins\">Programme Sport-Arts-\u00c9tudes (SA\u00c9)<\/h3><\/div>\n\n\n\n<div class=\"wp-block-stackable-icon stk-block-icon stk-block stk-9c036f3\" data-block-id=\"9c036f3\"><style>.stk-9c036f3 .stk--svg-wrapper .stk--inner-svg svg:last-child, .stk-9c036f3 .stk--svg-wrapper .stk--inner-svg svg:last-child :is(g, path, rect, polygon, ellipse){fill:#00578c !important;}<\/style><span class=\"stk--svg-wrapper\"><div class=\"stk--inner-svg\"><svg style=\"height:0;width:0\"><defs><linearGradient id=\"linear-gradient-9c036f3\" x1=\"0\" x2=\"100%\" y1=\"0\" y2=\"0\"><stop offset=\"0%\" style=\"stop-opacity:1;stop-color:var(--linear-gradient-9-c-036-f-3-color-1)\"><\/stop><stop offset=\"100%\" style=\"stop-opacity:1;stop-color:var(--linear-gradient-9-c-036-f-3-color-2)\"><\/stop><\/linearGradient><\/defs><\/svg><svg data-prefix=\"fas\" data-icon=\"chevron-down\" class=\"svg-inline--fa fa-chevron-down fa-w-14\" xmlns=\"http:\/\/www.w3.org\/2000\/svg\" viewBox=\"0 0 448 512\" aria-hidden=\"true\" width=\"32\" height=\"32\"><path fill=\"currentColor\" d=\"M207.029 381.476L12.686 187.132c-9.373-9.373-9.373-24.569 0-33.941l22.667-22.667c9.357-9.357 24.522-9.375 33.901-.04L224 284.505l154.745-154.021c9.379-9.335 24.544-9.317 33.901.04l22.667 22.667c9.373 9.373 9.373 24.569 0 33.941L240.971 381.476c-9.373 9.372-24.569 9.372-33.942 0z\"><\/path><\/svg><\/div><\/span><\/div>\n<\/div><\/div>\n<\/div><\/div><\/summary>\n\n\n\n<div class=\"wp-block-stackable-column stk-block-column stk-column stk-block stk-10a8d4a stk-block-accordion__content\" data-v=\"4\" data-block-id=\"10a8d4a\"><div class=\"stk-column-wrapper stk-block-column__content stk-container stk-10a8d4a-container stk--no-background stk--no-padding\"><div class=\"stk-block-content stk-inner-blocks stk-10a8d4a-inner-blocks\">\n<ul class=\"wp-block-list\">\n<li><a href=\"https:\/\/media.csstl.gouv.qc.ca\/wp-content\/uploads\/sites\/25\/2025\/09\/26120557\/Rencontre-parents-premiere-secondaire-rentree-scolaire_SAE_-2025-2026.pdf\" data-type=\"link\" data-id=\"https:\/\/media.csstl.gouv.qc.ca\/wp-content\/uploads\/sites\/25\/2025\/09\/26120557\/Rencontre-parents-premiere-secondaire-rentree-scolaire_SAE_-2025-2026.pdf\">Pr\u00e9sentation aux parents | SA\u00c9 1er secondaire<\/a><\/li>\n\n\n\n<li><a href=\"https:\/\/media.csstl.gouv.qc.ca\/wp-content\/uploads\/sites\/25\/2025\/09\/26120600\/Rencontre-parents-SAE-2e3e-4e-et-5e-secondaire_3-septembre-2025-2026.pdf\" data-type=\"link\" data-id=\"https:\/\/media.csstl.gouv.qc.ca\/wp-content\/uploads\/sites\/25\/2025\/09\/26120600\/Rencontre-parents-SAE-2e3e-4e-et-5e-secondaire_3-septembre-2025-2026.pdf\">Pr\u00e9sentation aux parents | SA\u00c9 secondaire 2 \u00e0 5<\/a><\/li>\n\n\n\n<li><a href=\"https:\/\/media.csstl.gouv.qc.ca\/wp-content\/uploads\/sites\/25\/2025\/09\/26120554\/Planification-des-Matieres-Arts-etudes-2025-2026.pdf\" data-type=\"link\" data-id=\"https:\/\/media.csstl.gouv.qc.ca\/wp-content\/uploads\/sites\/25\/2025\/09\/26120554\/Planification-des-Matieres-Arts-etudes-2025-2026.pdf\">Planification des mati\u00e8res Arts-\u00c9tudes<\/a><\/li>\n\n\n\n<li><a href=\"https:\/\/media.csstl.gouv.qc.ca\/wp-content\/uploads\/sites\/25\/2025\/09\/26120602\/SAE_Liste-des-enseignants_2025-2026.pdf\" data-type=\"link\" data-id=\"https:\/\/media.csstl.gouv.qc.ca\/wp-content\/uploads\/sites\/25\/2025\/09\/26120602\/SAE_Liste-des-enseignants_2025-2026.pdf\">Membre du personnel<\/a><\/li>\n\n\n\n<li><a href=\"https:\/\/media.csstl.gouv.qc.ca\/wp-content\/uploads\/sites\/25\/2025\/09\/30124802\/RecuperationsSAE_2025-2026.pdf\" data-type=\"link\" data-id=\"https:\/\/media.csstl.gouv.qc.ca\/wp-content\/uploads\/sites\/25\/2025\/09\/30124802\/RecuperationsSAE_2025-2026.pdf\">Horaire des r\u00e9cup\u00e9rations par mati\u00e8re<\/a><\/li>\n<\/ul>\n<\/div><\/div><\/div>\n<\/details>\n\n\n\n<details class=\"wp-block-stackable-accordion stk-block-accordion stk-inner-blocks stk-block-content stk-block stk-866d054 is-style-default\" data-block-id=\"866d054\"><style>.stk-866d054 {margin-bottom:30px !important;}<\/style>\n<summary class=\"wp-block-stackable-column stk-block-column stk-column stk-block stk-825c630 stk--container-small stk-block-accordion__heading\" data-v=\"4\" data-block-id=\"825c630\"><style>.stk-825c630-container{background-color:#73bae7 !important;border-style:dashed !important;border-color:#00578c !important;}.stk-825c630-container:before{background-color:#73bae7 !important;}<\/style><div class=\"stk-column-wrapper stk-block-column__content stk-container stk-825c630-container stk-hover-parent\"><div class=\"stk-block-content stk-inner-blocks stk-825c630-inner-blocks\">\n<div class=\"wp-block-stackable-icon-label stk-block-icon-label stk-block stk-537ba80\" data-block-id=\"537ba80\"><div class=\"stk-row stk-inner-blocks stk-block-content\">\n<div class=\"wp-block-stackable-heading stk-block-heading stk-block-heading--v2 stk-block stk-488d2ac\" id=\"secondaire-3\" data-block-id=\"488d2ac\"><style>.stk-488d2ac .stk-block-heading__text{color:#00578c !important;}<\/style><h3 class=\"stk-block-heading__text has-text-color has-bleu-fonce-color stk-block-heading--use-theme-margins\">Secondaire 3<\/h3><\/div>\n\n\n\n<div class=\"wp-block-stackable-icon stk-block-icon stk-block stk-61c2e25\" data-block-id=\"61c2e25\"><style>.stk-61c2e25 .stk--svg-wrapper .stk--inner-svg svg:last-child, .stk-61c2e25 .stk--svg-wrapper .stk--inner-svg svg:last-child :is(g, path, rect, polygon, ellipse){fill:#00578c !important;}<\/style><span class=\"stk--svg-wrapper\"><div class=\"stk--inner-svg\"><svg style=\"height:0;width:0\"><defs><linearGradient id=\"linear-gradient-61c2e25\" x1=\"0\" x2=\"100%\" y1=\"0\" y2=\"0\"><stop offset=\"0%\" style=\"stop-opacity:1;stop-color:var(--linear-gradient-61-c-2-e-25-color-1)\"><\/stop><stop offset=\"100%\" style=\"stop-opacity:1;stop-color:var(--linear-gradient-61-c-2-e-25-color-2)\"><\/stop><\/linearGradient><\/defs><\/svg><svg data-prefix=\"fas\" data-icon=\"chevron-down\" class=\"svg-inline--fa fa-chevron-down fa-w-14\" xmlns=\"http:\/\/www.w3.org\/2000\/svg\" viewBox=\"0 0 448 512\" aria-hidden=\"true\" width=\"32\" height=\"32\"><path fill=\"currentColor\" d=\"M207.029 381.476L12.686 187.132c-9.373-9.373-9.373-24.569 0-33.941l22.667-22.667c9.357-9.357 24.522-9.375 33.901-.04L224 284.505l154.745-154.021c9.379-9.335 24.544-9.317 33.901.04l22.667 22.667c9.373 9.373 9.373 24.569 0 33.941L240.971 381.476c-9.373 9.372-24.569 9.372-33.942 0z\"><\/path><\/svg><\/div><\/span><\/div>\n<\/div><\/div>\n<\/div><\/div><\/summary>\n\n\n\n<div class=\"wp-block-stackable-column stk-block-column stk-column stk-block stk-e1fa4a0 stk-block-accordion__content\" data-v=\"4\" data-block-id=\"e1fa4a0\"><div class=\"stk-column-wrapper stk-block-column__content stk-container stk-e1fa4a0-container stk--no-background stk--no-padding\"><div class=\"stk-block-content stk-inner-blocks stk-e1fa4a0-inner-blocks\">\n<ul class=\"wp-block-list\">\n<li><a href=\"https:\/\/can01.safelinks.protection.outlook.com\/?url=https%3A%2F%2Fyoutu.be%2FVIgzwRJheGA&amp;data=05%7C02%7Ccproulx%40csstl.gouv.qc.ca%7C1270680a67324149efd008ddecaef13b%7C41cb8ddbfc734894a931aa86e5ee1661%7C0%7C0%7C638926958367486727%7CUnknown%7CTWFpbGZsb3d8eyJFbXB0eU1hcGkiOnRydWUsIlYiOiIwLjAuMDAwMCIsIlAiOiJXaW4zMiIsIkFOIjoiTWFpbCIsIldUIjoyfQ%3D%3D%7C0%7C%7C%7C&amp;sdata=YRLvYpGHEulpYiOmapYyDfboaYjVfTwqPoCeCmwQZNg%3D&amp;reserved=0\" data-type=\"link\" data-id=\"https:\/\/can01.safelinks.protection.outlook.com\/?url=https%3A%2F%2Fyoutu.be%2FVIgzwRJheGA&amp;data=05%7C02%7Ccproulx%40csstl.gouv.qc.ca%7C1270680a67324149efd008ddecaef13b%7C41cb8ddbfc734894a931aa86e5ee1661%7C0%7C0%7C638926958367486727%7CUnknown%7CTWFpbGZsb3d8eyJFbXB0eU1hcGkiOnRydWUsIlYiOiIwLjAuMDAwMCIsIlAiOiJXaW4zMiIsIkFOIjoiTWFpbCIsIldUIjoyfQ%3D%3D%7C0%7C%7C%7C&amp;sdata=YRLvYpGHEulpYiOmapYyDfboaYjVfTwqPoCeCmwQZNg%3D&amp;reserved=0\">Pr\u00e9sentation aux parents<\/a><\/li>\n\n\n\n<li><a href=\"https:\/\/media.csstl.gouv.qc.ca\/wp-content\/uploads\/sites\/25\/2025\/10\/07085158\/S3_Planification-de-matieres-2025-26.pdf\" data-type=\"link\" data-id=\"https:\/\/media.csstl.gouv.qc.ca\/wp-content\/uploads\/sites\/25\/2025\/10\/07085158\/S3_Planification-de-matieres-2025-26.pdf\">Planification des mati\u00e8res<\/a><\/li>\n\n\n\n<li><a href=\"https:\/\/media.csstl.gouv.qc.ca\/wp-content\/uploads\/sites\/25\/2026\/01\/29092418\/Enseignants-S3_2025-2026_MAJ.pdf\" data-type=\"link\" data-id=\"https:\/\/media.csstl.gouv.qc.ca\/wp-content\/uploads\/sites\/25\/2026\/01\/29092418\/Enseignants-S3_2025-2026_MAJ.pdf\">Membre du personnel<\/a><\/li>\n\n\n\n<li><a href=\"https:\/\/media.csstl.gouv.qc.ca\/wp-content\/uploads\/sites\/25\/2025\/10\/10151318\/S3_Recuperation-par-matiere-et-par-jour-2025-26.pdf\" data-type=\"link\" data-id=\"https:\/\/media.csstl.gouv.qc.ca\/wp-content\/uploads\/sites\/25\/2025\/10\/10151318\/S3_Recuperation-par-matiere-et-par-jour-2025-26.pdf\">Horaire des r\u00e9cup\u00e9rations par mati\u00e8re<\/a><\/li>\n\n\n\n<li>Pr\u00e9sentation aux parents &#8211; Choix de cours S-3 vers S-4<\/li>\n<\/ul>\n<\/div><\/div><\/div>\n<\/details>\n\n\n\n<details class=\"wp-block-stackable-accordion stk-block-accordion stk-inner-blocks stk-block-content stk-block stk-5f8c5d8 is-style-default\" data-block-id=\"5f8c5d8\"><style>.stk-5f8c5d8 {margin-bottom:38px !important;}<\/style>\n<summary class=\"wp-block-stackable-column stk-block-column stk-column stk-block stk-89086ee stk--container-small stk-block-accordion__heading\" data-v=\"4\" data-block-id=\"89086ee\"><style>.stk-89086ee-container{background-color:#73bae7 !important;border-style:dashed !important;border-color:#00578c !important;}.stk-89086ee-container:before{background-color:#73bae7 !important;}<\/style><div class=\"stk-column-wrapper stk-block-column__content stk-container stk-89086ee-container stk-hover-parent\"><div class=\"stk-block-content stk-inner-blocks stk-89086ee-inner-blocks\">\n<div class=\"wp-block-stackable-icon-label stk-block-icon-label stk-block stk-2c66b60\" data-block-id=\"2c66b60\"><div class=\"stk-row stk-inner-blocks stk-block-content\">\n<div class=\"wp-block-stackable-heading stk-block-heading stk-block-heading--v2 stk-block stk-f0f476b\" id=\"secondaire-4\" data-block-id=\"f0f476b\"><style>.stk-f0f476b .stk-block-heading__text{color:#00578c !important;}<\/style><h3 class=\"stk-block-heading__text has-text-color has-bleu-fonce-color stk-block-heading--use-theme-margins\">Secondaire 4<\/h3><\/div>\n\n\n\n<div class=\"wp-block-stackable-icon stk-block-icon stk-block stk-8b70cc2\" data-block-id=\"8b70cc2\"><style>.stk-8b70cc2 .stk--svg-wrapper .stk--inner-svg svg:last-child, .stk-8b70cc2 .stk--svg-wrapper .stk--inner-svg svg:last-child :is(g, path, rect, polygon, ellipse){fill:#00578c !important;}<\/style><span class=\"stk--svg-wrapper\"><div class=\"stk--inner-svg\"><svg style=\"height:0;width:0\"><defs><linearGradient id=\"linear-gradient-8b70cc2\" x1=\"0\" x2=\"100%\" y1=\"0\" y2=\"0\"><stop offset=\"0%\" style=\"stop-opacity:1;stop-color:var(--linear-gradient-8-b-70-cc-2-color-1)\"><\/stop><stop offset=\"100%\" style=\"stop-opacity:1;stop-color:var(--linear-gradient-8-b-70-cc-2-color-2)\"><\/stop><\/linearGradient><\/defs><\/svg><svg data-prefix=\"fas\" data-icon=\"chevron-down\" class=\"svg-inline--fa fa-chevron-down fa-w-14\" xmlns=\"http:\/\/www.w3.org\/2000\/svg\" viewBox=\"0 0 448 512\" aria-hidden=\"true\" width=\"32\" height=\"32\"><path fill=\"currentColor\" d=\"M207.029 381.476L12.686 187.132c-9.373-9.373-9.373-24.569 0-33.941l22.667-22.667c9.357-9.357 24.522-9.375 33.901-.04L224 284.505l154.745-154.021c9.379-9.335 24.544-9.317 33.901.04l22.667 22.667c9.373 9.373 9.373 24.569 0 33.941L240.971 381.476c-9.373 9.372-24.569 9.372-33.942 0z\"><\/path><\/svg><\/div><\/span><\/div>\n<\/div><\/div>\n<\/div><\/div><\/summary>\n\n\n\n<div class=\"wp-block-stackable-column stk-block-column stk-column stk-block stk-514d602 stk-block-accordion__content\" data-v=\"4\" data-block-id=\"514d602\"><div class=\"stk-column-wrapper stk-block-column__content stk-container stk-514d602-container stk--no-background stk--no-padding\"><div class=\"stk-block-content stk-inner-blocks stk-514d602-inner-blocks\">\n<ul class=\"wp-block-list\">\n<li><a href=\"https:\/\/youtube.com\/live\/2A2fwrNtCzo?feature=share\" data-type=\"link\" data-id=\"https:\/\/youtube.com\/live\/2A2fwrNtCzo?feature=share\">Pr\u00e9sentation aux parents<\/a><\/li>\n\n\n\n<li><a href=\"https:\/\/media.csstl.gouv.qc.ca\/wp-content\/uploads\/sites\/25\/2025\/10\/10142502\/MAJ_S4_Planification-de-lenseignement-2025-2026.pdf\" data-type=\"link\" data-id=\"https:\/\/media.csstl.gouv.qc.ca\/wp-content\/uploads\/sites\/25\/2025\/10\/10142502\/MAJ_S4_Planification-de-lenseignement-2025-2026.pdf\">Planification de l&rsquo;enseignement<\/a><\/li>\n\n\n\n<li><a href=\"https:\/\/media.csstl.gouv.qc.ca\/wp-content\/uploads\/sites\/25\/2026\/01\/29092653\/Liste-des-enseignants-sec-4_2025-2026_MAJ.pdf\" data-type=\"link\" data-id=\"https:\/\/media.csstl.gouv.qc.ca\/wp-content\/uploads\/sites\/25\/2026\/01\/29092653\/Liste-des-enseignants-sec-4_2025-2026_MAJ.pdf\">Membre du personnel<\/a><\/li>\n\n\n\n<li>Horaire des r\u00e9cup\u00e9rations par mati\u00e8re<\/li>\n\n\n\n<li>Pr\u00e9sentation aux parents &#8211; Choix de cours S-4 vers S-5<\/li>\n<\/ul>\n<\/div><\/div><\/div>\n<\/details>\n\n\n\n<details class=\"wp-block-stackable-accordion stk-block-accordion stk-inner-blocks stk-block-content stk-block stk-e85a3ad is-style-default\" data-block-id=\"e85a3ad\"><style>.stk-e85a3ad {margin-bottom:38px !important;}<\/style>\n<summary class=\"wp-block-stackable-column stk-block-column stk-column stk-block stk-9fa0192 stk--container-small stk-block-accordion__heading\" data-v=\"4\" data-block-id=\"9fa0192\"><style>.stk-9fa0192-container{background-color:#73bae7 !important;border-style:dashed !important;border-color:#00578c !important;}.stk-9fa0192-container:before{background-color:#73bae7 !important;}<\/style><div class=\"stk-column-wrapper stk-block-column__content stk-container stk-9fa0192-container stk-hover-parent\"><div class=\"stk-block-content stk-inner-blocks stk-9fa0192-inner-blocks\">\n<div class=\"wp-block-stackable-icon-label stk-block-icon-label stk-block stk-d450bd6\" data-block-id=\"d450bd6\"><div class=\"stk-row stk-inner-blocks stk-block-content\">\n<div class=\"wp-block-stackable-heading stk-block-heading stk-block-heading--v2 stk-block stk-fe03fe7\" id=\"secondaire-5\" data-block-id=\"fe03fe7\"><style>.stk-fe03fe7 .stk-block-heading__text{color:#00578c !important;}<\/style><h3 class=\"stk-block-heading__text has-text-color has-bleu-fonce-color stk-block-heading--use-theme-margins\">Secondaire 5<\/h3><\/div>\n\n\n\n<div class=\"wp-block-stackable-icon stk-block-icon stk-block stk-67707b2\" data-block-id=\"67707b2\"><style>.stk-67707b2 .stk--svg-wrapper .stk--inner-svg svg:last-child, .stk-67707b2 .stk--svg-wrapper .stk--inner-svg svg:last-child :is(g, path, rect, polygon, ellipse){fill:#00578c !important;}<\/style><span class=\"stk--svg-wrapper\"><div class=\"stk--inner-svg\"><svg style=\"height:0;width:0\"><defs><linearGradient id=\"linear-gradient-67707b2\" x1=\"0\" x2=\"100%\" y1=\"0\" y2=\"0\"><stop offset=\"0%\" style=\"stop-opacity:1;stop-color:var(--linear-gradient-67707-b-2-color-1)\"><\/stop><stop offset=\"100%\" style=\"stop-opacity:1;stop-color:var(--linear-gradient-67707-b-2-color-2)\"><\/stop><\/linearGradient><\/defs><\/svg><svg data-prefix=\"fas\" data-icon=\"chevron-down\" class=\"svg-inline--fa fa-chevron-down fa-w-14\" xmlns=\"http:\/\/www.w3.org\/2000\/svg\" viewBox=\"0 0 448 512\" aria-hidden=\"true\" width=\"32\" height=\"32\"><path fill=\"currentColor\" d=\"M207.029 381.476L12.686 187.132c-9.373-9.373-9.373-24.569 0-33.941l22.667-22.667c9.357-9.357 24.522-9.375 33.901-.04L224 284.505l154.745-154.021c9.379-9.335 24.544-9.317 33.901.04l22.667 22.667c9.373 9.373 9.373 24.569 0 33.941L240.971 381.476c-9.373 9.372-24.569 9.372-33.942 0z\"><\/path><\/svg><\/div><\/span><\/div>\n<\/div><\/div>\n<\/div><\/div><\/summary>\n\n\n\n<div class=\"wp-block-stackable-column stk-block-column stk-column stk-block stk-aaf1bb6 stk-block-accordion__content\" data-v=\"4\" data-block-id=\"aaf1bb6\"><div class=\"stk-column-wrapper stk-block-column__content stk-container stk-aaf1bb6-container stk--no-background stk--no-padding\"><div class=\"stk-block-content stk-inner-blocks stk-aaf1bb6-inner-blocks\">\n<ul class=\"wp-block-list\">\n<li><a href=\"https:\/\/youtube.com\/live\/jn_vNB1NYAk?feature=share\" data-type=\"link\" data-id=\"https:\/\/youtube.com\/live\/jn_vNB1NYAk?feature=share\">Pr\u00e9sentation aux parents<\/a><\/li>\n\n\n\n<li><a href=\"https:\/\/media.csstl.gouv.qc.ca\/wp-content\/uploads\/sites\/25\/2025\/10\/10142943\/S5_Planification-de-lenseignement-2025-2026.pdf\" data-type=\"link\" data-id=\"https:\/\/media.csstl.gouv.qc.ca\/wp-content\/uploads\/sites\/25\/2025\/10\/10142943\/S5_Planification-de-lenseignement-2025-2026.pdf\">Planification de l&rsquo;enseignement &#8211; 5e secondaire<\/a><\/li>\n\n\n\n<li>Planification de l&rsquo;enseignement &#8211; Classes d&rsquo;accueil<\/li>\n\n\n\n<li>Planification de l&rsquo;enseignement &#8211; Francisation SLAF SASAF<\/li>\n\n\n\n<li><a href=\"https:\/\/media.csstl.gouv.qc.ca\/wp-content\/uploads\/sites\/25\/2025\/10\/10143151\/MAJ_S5_Liste-des-enseignants_Classes-daccueil_2025-2026.pdf\" data-type=\"link\" data-id=\"https:\/\/media.csstl.gouv.qc.ca\/wp-content\/uploads\/sites\/25\/2025\/10\/10143151\/MAJ_S5_Liste-des-enseignants_Classes-daccueil_2025-2026.pdf\">Membre du personnel<\/a><\/li>\n\n\n\n<li>Horaire des r\u00e9cup\u00e9rations<\/li>\n\n\n\n<li><a href=\"https:\/\/media.csstl.gouv.qc.ca\/wp-content\/uploads\/sites\/25\/2026\/02\/18150807\/2026-02-11_S4-S5_Passage-postsecondaire-26-27.pdf\" data-type=\"link\" data-id=\"https:\/\/media.csstl.gouv.qc.ca\/wp-content\/uploads\/sites\/25\/2026\/02\/18150807\/2026-02-11_S4-S5_Passage-postsecondaire-26-27.pdf\">Pr\u00e9sentation aux parents &#8211; Passage postsecondaire<\/a><\/li>\n\n\n\n<li>Lien YouTube &#8211; <a href=\"https:\/\/can01.safelinks.protection.outlook.com\/?url=https%3A%2F%2Fyoutube.com%2Flive%2F46nINfNtMnQ&amp;data=05%7C02%7Ccproulx%40csstl.gouv.qc.ca%7Cd5843cb1df104e75545908de68d28057%7C41cb8ddbfc734894a931aa86e5ee1661%7C0%7C0%7C639063450662737277%7CUnknown%7CTWFpbGZsb3d8eyJFbXB0eU1hcGkiOnRydWUsIlYiOiIwLjAuMDAwMCIsIlAiOiJXaW4zMiIsIkFOIjoiTWFpbCIsIldUIjoyfQ%3D%3D%7C0%7C%7C%7C&amp;sdata=bLLYADdCnzndrV%2BvV6I5fY2%2BkDZwg5HzCs0lG%2FX4BXY%3D&amp;reserved=0\" data-type=\"link\" data-id=\"https:\/\/can01.safelinks.protection.outlook.com\/?url=https%3A%2F%2Fyoutube.com%2Flive%2F46nINfNtMnQ&amp;data=05%7C02%7Ccproulx%40csstl.gouv.qc.ca%7Cd5843cb1df104e75545908de68d28057%7C41cb8ddbfc734894a931aa86e5ee1661%7C0%7C0%7C639063450662737277%7CUnknown%7CTWFpbGZsb3d8eyJFbXB0eU1hcGkiOnRydWUsIlYiOiIwLjAuMDAwMCIsIlAiOiJXaW4zMiIsIkFOIjoiTWFpbCIsIldUIjoyfQ%3D%3D%7C0%7C%7C%7C&amp;sdata=bLLYADdCnzndrV%2BvV6I5fY2%2BkDZwg5HzCs0lG%2FX4BXY%3D&amp;reserved=0\">Rencontre passage postsecondaire<\/a><\/li>\n<\/ul>\n<\/div><\/div><\/div>\n<\/details>\n","protected":false},"excerpt":{"rendered":"<p>Sur cette page, vous trouverez tous les renseignements relatifs aux divers degr\u00e9s, de m\u00eame que les liens pour acc\u00e9der aux sites Internet et communaut\u00e9s des enseignants. Passage primaire-secondaire Pour tous les \u00e9l\u00e8ves qui fr\u00e9quenteront l\u2019\u00e9cole de la Cit\u00e9-des-Jeunes Programmes p\u00e9dagogiques particuliers L\u2019\u00e9cole secondaire de la Cit\u00e9-des-Jeunes offre des programmes p\u00e9dagogiques particuliers&nbsp;ainsi qu\u2019un programme d\u2019enrichissement&nbsp;: Vid\u00e9o [&hellip;]<\/p>\n","protected":false},"author":4,"featured_media":0,"parent":0,"menu_order":0,"comment_status":"closed","ping_status":"closed","template":"","meta":{"_genesis_hide_title":false,"_genesis_hide_breadcrumbs":false,"_genesis_hide_singular_image":false,"_genesis_hide_footer_widgets":false,"_genesis_custom_body_class":"","_genesis_custom_post_class":"","_genesis_layout":"","footnotes":""},"class_list":{"0":"post-913","1":"page","2":"type-page","3":"status-publish","5":"entry"},"featured_image_src":null,"featured_image_src_square":null,"_links":{"self":[{"href":"https:\/\/csstl.gouv.qc.ca\/cite-des-jeunes\/wp-json\/wp\/v2\/pages\/913","targetHints":{"allow":["GET"]}}],"collection":[{"href":"https:\/\/csstl.gouv.qc.ca\/cite-des-jeunes\/wp-json\/wp\/v2\/pages"}],"about":[{"href":"https:\/\/csstl.gouv.qc.ca\/cite-des-jeunes\/wp-json\/wp\/v2\/types\/page"}],"author":[{"embeddable":true,"href":"https:\/\/csstl.gouv.qc.ca\/cite-des-jeunes\/wp-json\/wp\/v2\/users\/4"}],"replies":[{"embeddable":true,"href":"https:\/\/csstl.gouv.qc.ca\/cite-des-jeunes\/wp-json\/wp\/v2\/comments?post=913"}],"version-history":[{"count":0,"href":"https:\/\/csstl.gouv.qc.ca\/cite-des-jeunes\/wp-json\/wp\/v2\/pages\/913\/revisions"}],"wp:attachment":[{"href":"https:\/\/csstl.gouv.qc.ca\/cite-des-jeunes\/wp-json\/wp\/v2\/media?parent=913"}],"curies":[{"name":"wp","href":"https:\/\/api.w.org\/{rel}","templated":true}]}}