{"id":928,"date":"2022-05-25T08:08:39","date_gmt":"2022-05-25T13:08:39","guid":{"rendered":"https:\/\/cs3lacs.wpengine.com\/chene-bleu\/?page_id=928"},"modified":"2025-08-12T11:27:30","modified_gmt":"2025-08-12T16:27:30","slug":"portrait","status":"publish","type":"page","link":"https:\/\/csstl.gouv.qc.ca\/chene-bleu\/portrait\/","title":{"rendered":"Portrait"},"content":{"rendered":"\n<p><strong>Bienvenue \u00e0 l\u2019\u00c9cole secondaire du Ch\u00eane-Bleu,<\/strong><\/p>\n\n\n\n<p>Nous sommes heureux d\u2019accueillir cette ann\u00e9e pr\u00e8s de\u00a01 500 \u00e9l\u00e8ves\u00a0provenant des\u00a0municipalit\u00e9s de L\u2019\u00cele-Perrot. Notre \u00e9cole propose une diversit\u00e9 de parcours adapt\u00e9s aux besoins et aux int\u00e9r\u00eats de chacun : formation g\u00e9n\u00e9rale, programmes particuliers, cheminement en adaptation scolaire, formation \u00e0 un m\u00e9tier semi-sp\u00e9cialis\u00e9.<\/p>\n\n\n\n<p>Notre \u00e9quipe \u00e9ducative, compos\u00e9e d\u2019enseignants d\u00e9vou\u00e9s, de professionnels et de membres du personnel de soutien, travaille ensemble pour offrir un encadrement de qualit\u00e9 et favoriser la r\u00e9ussite de tous les \u00e9l\u00e8ves. <\/p>\n\n\n\n<p>Notre&nbsp;projet \u00e9ducatif&nbsp;s\u2019articule autour de plusieurs objectifs concrets :<\/p>\n\n\n\n<ul class=\"wp-block-list\">\n<li><em>Am\u00e9liorer les r\u00e9sultats en lecture et en math\u00e9matique&nbsp;au premier cycle du secondaire;<\/em><\/li>\n\n\n\n<li><em>Offrir des services adapt\u00e9s \u00e0 la client\u00e8le immigrante, afin de favoriser leur int\u00e9gration et leur r\u00e9ussite;<\/em><\/li>\n\n\n\n<li><em>Permettre \u00e0 chaque \u00e9l\u00e8ve de s\u2019\u00e9panouir dans un parcours stimulant, en lien avec ses int\u00e9r\u00eats et ses aspirations;<\/em><\/li>\n\n\n\n<li><em>D\u00e9velopper la conscience de soi et des autres, en misant sur les habilet\u00e9s sociales, les comportements empreints de civilit\u00e9, et un environnement sain et s\u00e9curitaire.<\/em><\/li>\n<\/ul>\n\n\n\n<p>Ces objectifs sont soutenus par les&nbsp;valeurs fondamentales&nbsp;de notre milieu :&nbsp;<strong>l\u2019engagement<\/strong>,&nbsp;<strong>la curiosit\u00e9<\/strong>&nbsp;et&nbsp;<strong>la solidarit\u00e9<\/strong>, qui guident nos actions au quotidien et inspirent notre communaut\u00e9 scolaire \u00e0 s&rsquo;\u00e9panouir ensemble.<\/p>\n\n\n\n<p>Gr\u00e2ce \u00e0 notre site Web, \u00e0 notre page Facebook et \u00e0 l\u2019agenda scolaire, vous trouverez toute l\u2019information n\u00e9cessaire pour accompagner votre enfant tout au long de son parcours.<\/p>\n\n\n\n<p>Nous souhaitons \u00e0 tous nos \u00e9l\u00e8ves une ann\u00e9e scolaire enrichissante et stimulante!<\/p>\n\n\n\n<p><\/p>\n\n\n\n<p>Mathieu Lorange<\/p>\n\n\n\n<p>Directeur de l\u2019\u00e9cole et toute l\u2019\u00e9quipe<\/p>\n\n\n\n<figure class=\"wp-block-image size-full is-resized\"><img loading=\"lazy\" decoding=\"async\" width=\"532\" height=\"264\" src=\"https:\/\/media.csstl.gouv.qc.ca\/wp-content\/uploads\/sites\/20\/2025\/07\/08205155\/Logo-CB.png\" alt=\"\" class=\"wp-image-1790\" style=\"width:352px;height:auto\" srcset=\"https:\/\/media.csstl.gouv.qc.ca\/wp-content\/uploads\/sites\/20\/2025\/07\/08205155\/Logo-CB.png 532w, https:\/\/media.csstl.gouv.qc.ca\/wp-content\/uploads\/sites\/20\/2025\/07\/08205155\/Logo-CB-300x149.png 300w\" sizes=\"auto, (max-width: 532px) 100vw, 532px\" \/><\/figure>\n\n\n\n<p><\/p>\n","protected":false},"excerpt":{"rendered":"<p>Bienvenue \u00e0 l\u2019\u00c9cole secondaire du Ch\u00eane-Bleu, Nous sommes heureux d\u2019accueillir cette ann\u00e9e pr\u00e8s de\u00a01 500 \u00e9l\u00e8ves\u00a0provenant des\u00a0municipalit\u00e9s de L\u2019\u00cele-Perrot. Notre \u00e9cole propose une diversit\u00e9 de parcours adapt\u00e9s aux besoins et aux int\u00e9r\u00eats de chacun : formation g\u00e9n\u00e9rale, programmes particuliers, cheminement en adaptation scolaire, formation \u00e0 un m\u00e9tier semi-sp\u00e9cialis\u00e9. Notre \u00e9quipe \u00e9ducative, compos\u00e9e d\u2019enseignants d\u00e9vou\u00e9s, de [&hellip;]<\/p>\n","protected":false},"author":4,"featured_media":0,"parent":0,"menu_order":0,"comment_status":"closed","ping_status":"closed","template":"","meta":{"_genesis_hide_title":false,"_genesis_hide_breadcrumbs":false,"_genesis_hide_singular_image":false,"_genesis_hide_footer_widgets":false,"_genesis_custom_body_class":"","_genesis_custom_post_class":"","_genesis_layout":"","footnotes":""},"class_list":{"0":"post-928","1":"page","2":"type-page","3":"status-publish","5":"entry"},"featured_image_src":null,"featured_image_src_square":null,"_links":{"self":[{"href":"https:\/\/csstl.gouv.qc.ca\/chene-bleu\/wp-json\/wp\/v2\/pages\/928","targetHints":{"allow":["GET"]}}],"collection":[{"href":"https:\/\/csstl.gouv.qc.ca\/chene-bleu\/wp-json\/wp\/v2\/pages"}],"about":[{"href":"https:\/\/csstl.gouv.qc.ca\/chene-bleu\/wp-json\/wp\/v2\/types\/page"}],"author":[{"embeddable":true,"href":"https:\/\/csstl.gouv.qc.ca\/chene-bleu\/wp-json\/wp\/v2\/users\/4"}],"replies":[{"embeddable":true,"href":"https:\/\/csstl.gouv.qc.ca\/chene-bleu\/wp-json\/wp\/v2\/comments?post=928"}],"version-history":[{"count":0,"href":"https:\/\/csstl.gouv.qc.ca\/chene-bleu\/wp-json\/wp\/v2\/pages\/928\/revisions"}],"wp:attachment":[{"href":"https:\/\/csstl.gouv.qc.ca\/chene-bleu\/wp-json\/wp\/v2\/media?parent=928"}],"curies":[{"name":"wp","href":"https:\/\/api.w.org\/{rel}","templated":true}]}}