{"id":13,"date":"2022-09-08T12:53:56","date_gmt":"2022-09-08T12:53:56","guid":{"rendered":"https:\/\/cs3lacs.wpengine.com\/centre-des-belles-rives\/?page_id=13"},"modified":"2023-03-08T10:09:08","modified_gmt":"2023-03-08T15:09:08","slug":"projet-educatif","status":"publish","type":"page","link":"https:\/\/csstl.gouv.qc.ca\/centre-des-belles-rives\/projet-educatif\/","title":{"rendered":"Projet \u00e9ducatif"},"content":{"rendered":"\n<p>Le Centre de services scolaire des Trois-Lacs dans sa mission premi\u00e8re, veut s&rsquo;assurer que tous ses \u00e9l\u00e8ves adultes aient acc\u00e8s \u00e0 des services \u00e9ducatifs et \u00e0 une formation de qualit\u00e9 qui leur permettent de d\u00e9velopper de fa\u00e7on optimale les comp\u00e9tences essentielles \u00e0 leur plein \u00e9panouissement et \u00e0 leur r\u00e9ussite.  Ainsi, le centre des Belles-rives remplit cette mission aupr\u00e8s de la client\u00e8le adulte.<\/p>\n\n\n\n<p><strong>Mission du centre<\/strong><\/p>\n\n\n\n<p>Instruire, socialiser et qualifier les \u00e9l\u00e8ves, tout en les rendant aptes \u00e0 entreprendre et \u00e0 r\u00e9ussir un parcours scolaire.  Collaborer au d\u00e9veloppement social et culturel de la communaut\u00e9.<\/p>\n\n\n\n<p><strong>Vision du centre<\/strong><\/p>\n\n\n\n<ul class=\"wp-block-list\">\n<li>Un milieu dynamique o\u00f9 tous s&rsquo;engagent \u00e0 soutenir et collaborer pour l&rsquo;accomplissement de chacun<\/li>\n\n\n\n<li>Quant \u00e0 la qualit\u00e9 des services, le centre s&rsquo;engage \u00e0:<\/li>\n\n\n\n<li>Offrir une formation de qualit\u00e9 diversifi\u00e9e o\u00f9 les pratiques p\u00e9dagogiques et les innovations visent l&rsquo;atteinte du plein potentiel de chaque \u00e9l\u00e8ve;<\/li>\n\n\n\n<li>Am\u00e9liorer la pers\u00e9v\u00e9rance scolaire, la diplomation et la qualification chez tous ses \u00e9l\u00e8ves;<\/li>\n\n\n\n<li>Soutenir son personnel afin d&rsquo;optimiser la qualit\u00e9 de ses services;<\/li>\n\n\n\n<li>Offrir une formation aux adultes qui r\u00e9pond aux besoins de cette client\u00e8le et s&rsquo;adapte \u00e0 la r\u00e9alit\u00e9 socio\u00e9conomique.<\/li>\n<\/ul>\n\n\n\n<p><\/p>\n\n\n\n<p><\/p>\n","protected":false},"excerpt":{"rendered":"<p>Le Centre de services scolaire des Trois-Lacs dans sa mission premi\u00e8re, veut s&rsquo;assurer que tous ses \u00e9l\u00e8ves adultes aient acc\u00e8s \u00e0 des services \u00e9ducatifs et \u00e0 une formation de qualit\u00e9 [&hellip;]<\/p>\n","protected":false},"author":2,"featured_media":0,"parent":0,"menu_order":0,"comment_status":"closed","ping_status":"closed","template":"","meta":{"_genesis_hide_title":false,"_genesis_hide_breadcrumbs":false,"_genesis_hide_singular_image":false,"_genesis_hide_footer_widgets":false,"_genesis_custom_body_class":"","_genesis_custom_post_class":"","_genesis_layout":"","footnotes":""},"class_list":["post-13","page","type-page","status-publish","entry"],"featured_image_src":null,"featured_image_src_square":null,"_links":{"self":[{"href":"https:\/\/csstl.gouv.qc.ca\/centre-des-belles-rives\/wp-json\/wp\/v2\/pages\/13","targetHints":{"allow":["GET"]}}],"collection":[{"href":"https:\/\/csstl.gouv.qc.ca\/centre-des-belles-rives\/wp-json\/wp\/v2\/pages"}],"about":[{"href":"https:\/\/csstl.gouv.qc.ca\/centre-des-belles-rives\/wp-json\/wp\/v2\/types\/page"}],"author":[{"embeddable":true,"href":"https:\/\/csstl.gouv.qc.ca\/centre-des-belles-rives\/wp-json\/wp\/v2\/users\/2"}],"replies":[{"embeddable":true,"href":"https:\/\/csstl.gouv.qc.ca\/centre-des-belles-rives\/wp-json\/wp\/v2\/comments?post=13"}],"version-history":[{"count":0,"href":"https:\/\/csstl.gouv.qc.ca\/centre-des-belles-rives\/wp-json\/wp\/v2\/pages\/13\/revisions"}],"wp:attachment":[{"href":"https:\/\/csstl.gouv.qc.ca\/centre-des-belles-rives\/wp-json\/wp\/v2\/media?parent=13"}],"curies":[{"name":"wp","href":"https:\/\/api.w.org\/{rel}","templated":true}]}}