{"id":742,"date":"2019-11-28T14:51:45","date_gmt":"2019-11-28T19:51:45","guid":{"rendered":"https:\/\/cs3lacs.wpengine.com\/brindamour\/?page_id=742"},"modified":"2026-09-04T14:39:50","modified_gmt":"2026-09-04T19:39:50","slug":"documents-liens-utiles","status":"publish","type":"page","link":"https:\/\/csstl.gouv.qc.ca\/brindamour\/documents-liens-utiles\/","title":{"rendered":"Documents et liens utiles"},"content":{"rendered":"\n<h2 class=\"wp-block-heading\">\u00c9cole communautaire consciente<\/h2>\n\n\n\n<p class=\"wp-block-paragraph\">Le mod\u00e8le de l&rsquo;\u00e9cole communautaire entrepreneuriale consciente est promu par l&rsquo;Organisation des Nations Unies pour l&rsquo;\u00e9ducation, la science et la culture (UNESCO), et reconnu au Canada comme un des mod\u00e8les les plus probants pour favoriser la r\u00e9ussite et implant\u00e9 dans plusieurs \u00e9coles au Nouveau-Brunswick et au Qu\u00e9bec.<\/p>\n\n\n\n<p class=\"wp-block-paragraph\">Nous vous invitons \u00e0 consulter les liens suivants pour en apprendre davantage:<\/p>\n\n\n\n<ul class=\"wp-block-list\">\n<li><a rel=\"noreferrer noopener\" href=\"https:\/\/cargocollective.com\/ECEC\" data-type=\"URL\" data-id=\"https:\/\/cargocollective.com\/ECEC\" target=\"_blank\">Concept de l&rsquo;\u00c9LEC<\/a><\/li>\n\n\n\n<li><a rel=\"noreferrer noopener\" href=\"http:\/\/www.youtube.com\/watch?v=8rngRuFZ7zs&amp;list=PLGN9XKmvNeOXImbCnDbmpTNlSva21Q-Ej%20%20\" target=\"_blank\">\u00c9cole R\u00e9gionale Saint-Andr\u00e9 (Nouveau-Brunswick)<\/a><\/li>\n\n\n\n<li><a rel=\"noreferrer noopener\" href=\"http:\/\/www.youtube.com\/watch?v=GOb5L5tNvRQ\" target=\"_blank\">Le coffre \u00e0 jouet de l&rsquo;\u00e9cole Coeur-Vaillant (Qu\u00e9bec)<\/a><\/li>\n<\/ul>\n\n\n\n<h2 class=\"wp-block-heading\">Horaire<\/h2>\n\n\n\n<ul class=\"wp-block-list\">\n<li><a href=\"http:\/\/&quot;C:\\Users\\melanie.hemond\\cstl\\\u00c9cole Brind&apos;Amour - Secr\u00e9tariat\\Horaires\\2023-2024\\Horaire de la journ\u00e9e 23-24.docx&quot;\">Horaire de la journ\u00e9e<\/a><\/li>\n<\/ul>\n\n\n\n<h2 class=\"wp-block-heading\">Calendriers scolaires<\/h2>\n\n\n\n<p class=\"wp-block-paragraph\"><a href=\"https:\/\/media.csstl.gouv.qc.ca\/wp-content\/uploads\/sites\/33\/2026\/01\/09131441\/Calendrier-scolaire-2026-2027.pdf\" data-type=\"attachment\" data-id=\"1497\">Ann\u00e9e 2026-2027<\/a><\/p>\n\n\n\n<h2 class=\"wp-block-heading\">Clic \u00c9cole<\/h2>\n\n\n\n<ul class=\"wp-block-list\">\n<li><a href=\"https:\/\/media.csstl.gouv.qc.ca\/wp-content\/uploads\/sites\/33\/2026\/08\/13120000\/clic_ecole_-_guide_technique_soutien_aux_parent.pdf\" data-type=\"attachment\" data-id=\"1537\">Clic \u00e9cole-guide technique soutien aux parents<\/a><\/li>\n<\/ul>\n\n\n\n<h2 class=\"wp-block-heading\">Transport<\/h2>\n\n\n\n<p class=\"wp-block-paragraph\">Pour trouver les informations du transport pour votre enfant, vous devez ouvrir une session dans le&nbsp;<a rel=\"noreferrer noopener\" href=\"https:\/\/portailparents.ca\/accueil\/fr\/\" data-type=\"URL\" data-id=\"https:\/\/portailparents.ca\/accueil\/fr\/\" target=\"_blank\">portail-parents Moza\u00efk<\/a>&nbsp;et cr\u00e9er un compte avec votre courriel donn\u00e9 \u00e0 l&rsquo;\u00e9cole, si ce n&rsquo;est d\u00e9j\u00e0 fait, ou aller sur la page&nbsp;<a rel=\"noreferrer noopener\" href=\"https:\/\/csstl.gouv.qc.ca\/transport-scolaire\/\" data-type=\"URL\" data-id=\"https:\/\/csstl.gouv.qc.ca\/transport-scolaire\/\" target=\"_blank\">Transport scolaire<\/a>.&nbsp;Tous deux sont accessibles \u00e0 partir du site Web du centre de services scolaire ou en cliquant sur les liens ci-dessus. <\/p>\n\n\n\n<ul class=\"wp-block-list\">\n<li><a href=\"https:\/\/media.csstl.gouv.qc.ca\/wp-content\/uploads\/sites\/33\/2023\/01\/17110107\/Garde-partage-transport-23-24.pdf\" data-type=\"attachment\" data-id=\"1210\">Demande de&nbsp;transport en garde partag\u00e9e<\/a><\/li>\n\n\n\n<li><a href=\"https:\/\/media.csstl.gouv.qc.ca\/wp-content\/uploads\/sites\/33\/2023\/01\/17105533\/Demande-de-transport-en-place-disponible.pdf\" data-type=\"attachment\" data-id=\"1208\">Demande de transport en place disponible<\/a><\/li>\n\n\n\n<li><a href=\"https:\/\/media.csstl.gouv.qc.ca\/wp-content\/uploads\/sites\/33\/2026\/04\/29144241\/Informations-sur-le-transport-scolaire-Prescolaire-Couleurs.pdf\" data-type=\"attachment\" data-id=\"1508\">Informations sur le transport scolaire \u2013 Pr\u00e9scolaire 2026-2027<\/a><\/li>\n\n\n\n<li><a href=\"https:\/\/media.csstl.gouv.qc.ca\/wp-content\/uploads\/sites\/33\/2026\/04\/29144242\/Informations-sur-le-transport-scolaire-2026-2027-Primaire-Couleurs.pdf\" data-type=\"attachment\" data-id=\"1509\">Informations sur le transport scolaire &#8211; Primaire 2026-2027<\/a><\/li>\n<\/ul>\n\n\n\n<h2 class=\"wp-block-heading\">Info parents<\/h2>\n\n\n\n<ul class=\"wp-block-list\">\n<li><a href=\"https:\/\/media.csstl.gouv.qc.ca\/wp-content\/uploads\/sites\/33\/2026\/08\/18080154\/Info-parents-rentree-scolaire-2026-2027.pdf\" data-type=\"attachment\" data-id=\"1543\">Info-parents rentr\u00e9e scolaire 2026-2027<\/a><\/li>\n\n\n\n<li><a href=\"https:\/\/media.csstl.gouv.qc.ca\/wp-content\/uploads\/sites\/33\/2026\/09\/04143836\/Info-parents-Septembre-.pdf\" data-type=\"attachment\" data-id=\"1565\">Info-parents Septembre 2026<\/a><\/li>\n\n\n\n<li>Info-parents octobre 2026<\/li>\n\n\n\n<li>Info-parents novembre 2026<\/li>\n\n\n\n<li>Info-parents d\u00e9cembre 2026<\/li>\n\n\n\n<li>Info-parents janvier 2027<\/li>\n\n\n\n<li>Info-parents mars 2027<\/li>\n\n\n\n<li>Info-parents avril 2027<\/li>\n\n\n\n<li>Info parents mai 2027<\/li>\n\n\n\n<li>Info parents juin 2027<\/li>\n<\/ul>\n\n\n\n<h2 class=\"wp-block-heading\">Organisation de participation des parents<\/h2>\n\n\n\n<p class=\"wp-block-paragraph\">Nous souhaitons remercier l&rsquo;organisation de participation des parents (OPP) ainsi que de la Fondation de l&rsquo;\u00e9cole Brind&rsquo;Amour pour leur aide concernant les lev\u00e9es de fonds, ainsi que pour toute leur aide qu&rsquo;ils apportent \u00e0 l&rsquo;\u00e9cole.<\/p>\n\n\n\n<p class=\"wp-block-paragraph\">Le site Internet de la Fondation de l&rsquo;\u00e9cole Brind&rsquo;Amour \/ OPP est accessible via le lien suivant : <strong><a rel=\"noreferrer noopener\" href=\"http:\/\/oppbrindamour.org\/\" target=\"_blank\">http:\/\/oppbrindamour.org\/<\/a>.<\/strong><\/p>\n\n\n\n<p class=\"wp-block-paragraph\"><a href=\"https:\/\/media.csstl.gouv.qc.ca\/wp-content\/uploads\/sites\/33\/2026\/09\/03072908\/AVIS-DE-CONVOCATION-et-ODJ-AGA-2026-08-31.pdf\" data-type=\"attachment\" data-id=\"1562\">AVIS DE CONVOCATION et ODJ AGA 2026-08-31<\/a><\/p>\n\n\n\n<p class=\"wp-block-paragraph\"><a href=\"https:\/\/media.csstl.gouv.qc.ca\/wp-content\/uploads\/sites\/33\/2026\/09\/03072905\/Rapport-annuel-25-26-Brindamour.pdf\" data-type=\"attachment\" data-id=\"1561\">Rapport annuel 25-26 Brindamour<\/a><\/p>\n\n\n\n<h2 class=\"wp-block-heading\"><span style=\"color: var(--stk-global-color-26594, #000000)\" class=\"stk-highlight\">March\u00e9 de No\u00ebl 2026-202<\/span><strong>7<\/strong><strong><span style=\"color: var(--stk-global-color-26594, #000000)\" class=\"stk-highlight\"><\/span><\/strong><\/h2>\n\n\n\n<p class=\"wp-block-paragraph\">Marche\u0301 de Noe\u0308l 2025 \u2013 lettre be\u0301ne\u0301vole<\/p>\n\n\n\n<p class=\"wp-block-paragraph\">INFORMATIONS March\u00e9 de No\u00ebl<\/p>\n\n\n\n<h3 class=\"wp-block-heading\"><strong>Le Comit\u00e9 du March\u00e9 de No\u00ebl <\/strong>\/ Courriel : marchedenoel@oppbrindamour.org<\/h3>\n\n\n\n<h2 class=\"wp-block-heading\">Formulaires<\/h2>\n\n\n\n<ul class=\"wp-block-list\">\n<li><a href=\"https:\/\/media.csstl.gouv.qc.ca\/wp-content\/uploads\/sites\/33\/2025\/08\/29090647\/Autorisation-medicament-1.pdf\" data-type=\"attachment\" data-id=\"1425\">Formulaire d&rsquo;autorisation m\u00e9dicament <\/a><\/li>\n\n\n\n<li><a href=\"https:\/\/media.csstl.gouv.qc.ca\/wp-content\/uploads\/sites\/33\/2026\/08\/19105700\/Primaire-Fiche-urgence-sante.pdf\" data-type=\"attachment\" data-id=\"1552\">Primaire \u2013 Fiche urgence-sant\u00e9<\/a><\/li>\n<\/ul>\n","protected":false},"excerpt":{"rendered":"<p>\u00c9cole communautaire consciente Le mod\u00e8le de l&rsquo;\u00e9cole communautaire entrepreneuriale consciente est promu par l&rsquo;Organisation des Nations Unies pour l&rsquo;\u00e9ducation, la science et la culture (UNESCO), et reconnu au Canada comme un des mod\u00e8les les plus probants pour favoriser la r\u00e9ussite et implant\u00e9 dans plusieurs \u00e9coles au Nouveau-Brunswick et au Qu\u00e9bec. Nous vous invitons \u00e0 consulter [&hellip;]<\/p>\n","protected":false},"author":4,"featured_media":0,"parent":0,"menu_order":0,"comment_status":"closed","ping_status":"closed","template":"","meta":{"_genesis_hide_title":false,"_genesis_hide_breadcrumbs":false,"_genesis_hide_singular_image":false,"_genesis_hide_footer_widgets":false,"_genesis_custom_body_class":"","_genesis_custom_post_class":"","_genesis_layout":"","footnotes":""},"class_list":["post-742","page","type-page","status-publish","entry"],"featured_image_src":null,"featured_image_src_square":null,"_links":{"self":[{"href":"https:\/\/csstl.gouv.qc.ca\/brindamour\/wp-json\/wp\/v2\/pages\/742","targetHints":{"allow":["GET"]}}],"collection":[{"href":"https:\/\/csstl.gouv.qc.ca\/brindamour\/wp-json\/wp\/v2\/pages"}],"about":[{"href":"https:\/\/csstl.gouv.qc.ca\/brindamour\/wp-json\/wp\/v2\/types\/page"}],"replies":[{"embeddable":true,"href":"https:\/\/csstl.gouv.qc.ca\/brindamour\/wp-json\/wp\/v2\/comments?post=742"}],"version-history":[{"count":8,"href":"https:\/\/csstl.gouv.qc.ca\/brindamour\/wp-json\/wp\/v2\/pages\/742\/revisions"}],"predecessor-version":[{"id":1567,"href":"https:\/\/csstl.gouv.qc.ca\/brindamour\/wp-json\/wp\/v2\/pages\/742\/revisions\/1567"}],"wp:attachment":[{"href":"https:\/\/csstl.gouv.qc.ca\/brindamour\/wp-json\/wp\/v2\/media?parent=742"}],"curies":[{"name":"wp","href":"https:\/\/api.w.org\/{rel}","templated":true}]}}